{"id":1990,"date":"2021-06-25T13:06:55","date_gmt":"2021-06-25T11:06:55","guid":{"rendered":"https:\/\/vidar.rs\/?page_id=1990"},"modified":"2026-08-17T00:27:36","modified_gmt":"2026-08-16T22:27:36","slug":"augenklinik","status":"publish","type":"page","link":"https:\/\/vidar.rs\/de\/","title":{"rendered":"Augenklinik VIDAR-ORASIS SWISS"},"content":{"rendered":"\t\t<div data-elementor-type=\"wp-page\" data-elementor-id=\"1990\" class=\"elementor elementor-1990 elementor-634\">\n\t\t\t\t\t\t<section class=\"elementor-section elementor-top-section elementor-element elementor-element-8f3300e elementor-section-boxed elementor-section-height-default elementor-section-height-default parallax_section_no qode_elementor_container_no\" data-id=\"8f3300e\" data-element_type=\"section\" data-e-type=\"section\">\n\t\t\t\t\t\t<div class=\"elementor-container elementor-column-gap-default\">\n\t\t\t\t\t<div class=\"elementor-column elementor-col-100 elementor-top-column elementor-element elementor-element-4be36f5\" data-id=\"4be36f5\" data-element_type=\"column\" data-e-type=\"column\">\n\t\t\t<div class=\"elementor-widget-wrap elementor-element-populated\">\n\t\t\t\t\t\t<div class=\"elementor-element elementor-element-f87c91b elementor-widget elementor-widget-slider_revolution\" data-id=\"f87c91b\" data-element_type=\"widget\" data-e-type=\"widget\" data-widget_type=\"slider_revolution.default\">\n\t\t\t\t<div class=\"elementor-widget-container\">\n\t\t\t\t\t\n\t\t<div class=\"wp-block-themepunch-revslider\">\n\t\t\t\t<p class=\"rs-p-wp-fix\"><\/p>\n\t\t\t\t<sr7-module data-alias=\"home-slider-en\" data-id=\"4\" id=\"SR7_4_1\" data-version=\"6.7.58\">\n\t\t\t\t\t<sr7-adjuster><\/sr7-adjuster>\n\t\t\t\t\t<sr7-content>\n\t\t\t\t\t\t<sr7-slide id=\"SR7_4_1-1\" data-key=\"1\">\n\t\t\t\t\t\t\t<sr7-bg id=\"SR7_4_1-1-slidebg\" class=\"sr7-layer\"><noscript><img decoding=\"async\" src=\"https:\/\/vidar.rs\/wp-content\/uploads\/2026\/08\/vidar-hero-1-desktop-3840-v20.webp\" alt=\"\" title=\"vidar-hero-1-desktop-1920&#215;1200-v10\"><\/noscript><\/sr7-bg>\n\t\t\t\t\t\t\t<h1 id=\"SR7_4_1-1-6\" class=\"sr7-layer\"> <span style=\"display:block;font-size:13px;line-height:1.3;font-weight:500;letter-spacing:2.5px;color:#B9E5FB;\"><span style=\"display:inline-block;width:30px;height:3px;background:#DB3128;margin-right:12px;vertical-align:middle;\"><\/span>PROFESSOREN UND WISSENSCHAFTLER<\/span><span style=\"display:block;margin-top:10px;font-weight:600;color:#ffffff;\">Professoren und promovierte Augen\u00e4rzte k\u00fcmmern sich um Ihr Sehverm\u00f6gen<\/span><span style=\"display:block;margin-top:14px;font-size:15px;line-height:1.5;font-weight:400;color:rgba(255,255,255,0.85);font-family:Open Sans,sans-serif;\">Untersuchung, Diagnostik und Behandlungsplanung an einem Ort, betreut von einem erfahrenen augen\u00e4rztlichen Team.<\/span> <\/h1>\n\t\t\t\t\t\t\t<a id=\"SR7_4_1-1-7\" class=\"sr7-layer\" href=\"tel:+381216361222\" target=\"_self\">Termin vereinbaren<\/a>\n\t\t\t\t\t\t<\/sr7-slide>\n\t\t\t\t\t\t<sr7-slide id=\"SR7_4_1-2\" data-key=\"2\">\n\t\t\t\t\t\t\t<sr7-bg id=\"SR7_4_1-2-slidebg\" class=\"sr7-layer\"><noscript><img decoding=\"async\" src=\"https:\/\/vidar.rs\/wp-content\/uploads\/2026\/08\/vidar-hero-2-desktop-3840-v20.webp\" alt=\"\" title=\"vidar-hero-2-desktop-1920&#215;1200-v10\"><\/noscript><\/sr7-bg>\n\t\t\t\t\t\t\t<a id=\"SR7_4_1-2-9\" class=\"sr7-layer\" href=\"tel:+381216361222\" target=\"_self\">Termin vereinbaren<\/a>\n\t\t\t\t\t\t\t<h1 id=\"SR7_4_1-2-10\" class=\"sr7-layer\"> <span style=\"display:block;font-size:13px;line-height:1.3;font-weight:500;letter-spacing:2.5px;color:#B9E5FB;\"><span style=\"display:inline-block;width:30px;height:3px;background:#DB3128;margin-right:12px;vertical-align:middle;\"><\/span>LASERKORREKTUR DER FEHLSICHTIGKEIT<\/span><span style=\"display:block;margin-top:10px;font-weight:600;color:#ffffff;\">Untersuchung vor der Entscheidung<\/span><span style=\"display:block;margin-top:14px;font-size:15px;line-height:1.5;font-weight:400;color:rgba(255,255,255,0.85);font-family:Open Sans,sans-serif;\">Wir pr\u00fcfen, ob eine Laserkorrektur f\u00fcr Sie geeignet ist und welche Methode zu Ihren Augen passt.<\/span> <\/h1>\n\t\t\t\t\t\t<\/sr7-slide>\n\t\t\t\t\t\t<sr7-slide id=\"SR7_4_1-3\" data-key=\"3\">\n\t\t\t\t\t\t\t<sr7-bg id=\"SR7_4_1-3-slidebg\" class=\"sr7-layer\"><noscript><img decoding=\"async\" src=\"https:\/\/vidar.rs\/wp-content\/uploads\/2026\/08\/vidar-hero-3-desktop-3840x2400-v11.webp\" alt=\"\" title=\"vidar-hero-3-desktop-1920&#215;1200-v10\"><\/noscript><\/sr7-bg>\n\t\t\t\t\t\t\t<a id=\"SR7_4_1-3-13\" class=\"sr7-layer\" href=\"tel:+381216361222\" target=\"_self\">Termin vereinbaren<\/a>\n\t\t\t\t\t\t\t<sr7-txt id=\"SR7_4_1-3-14\" class=\"sr7-layer\"> <span style=\"display:block;font-size:13px;line-height:1.3;font-weight:500;letter-spacing:2.5px;color:#B9E5FB;\"><span style=\"display:inline-block;width:30px;height:3px;background:#DB3128;margin-right:12px;vertical-align:middle;\"><\/span>KATARAKTCHIRURGIE<\/span><span style=\"display:block;margin-top:10px;font-weight:600;color:#ffffff;\">Ist es Zeit f\u00fcr eine Operation?<\/span><span style=\"display:block;margin-top:14px;font-size:15px;line-height:1.5;font-weight:400;color:rgba(255,255,255,0.85);font-family:Open Sans,sans-serif;\">Mit Untersuchung und Biometrie beurteilen wir den Grauen Star und planen gemeinsam den Zeitpunkt der Operation und die Wahl der Linse.<\/span> <\/sr7-txt>\n\t\t\t\t\t\t<\/sr7-slide>\n\t\t\t\t\t<\/sr7-content>\n\t\t\t\t<\/sr7-module>\n\t\t\t\t<script>\n\t\t\t\t\twindow.SR7 ??={};SR7.PMH ??={}; SR7.PMH[\"SR7_4_1\"] = {cn:100,state:false,fn: function() { if (window._tpt!==undefined && window._tpt.prepareModuleHeight !== undefined) {  _tpt.prepareModuleHeight({id:\"SR7_4_1\",el:[750,640,700,552],type:'standard',shdw:'0',gh:[750,640,700,552],gw:[1920,1024,778,480],vpt:['-200px'],size:{fullWidth:true, fullHeight:false},mh:'0',onh:0,onw:0,bg:{color:'transparent'}});   SR7.PMH[\"SR7_4_1\"].state=true;} else if(SR7.PMH[\"SR7_4_1\"].cn-->0)\tsetTimeout( SR7.PMH[\"SR7_4_1\"].fn,19);}};SR7.PMH[\"SR7_4_1\" ].fn();\n\t\t\t\t<\/script>\n<\/div>\n\n\t\t\t\t\t\t<\/div>\n\t\t\t\t<\/div>\n\t\t\t\t\t<\/div>\n\t\t<\/div>\n\t\t\t\t\t<\/div>\n\t\t<\/section>\n\t\t\t\t<section class=\"elementor-section elementor-top-section elementor-element elementor-element-1594969 qode_elementor_container_inner elementor-section-full_width qode-custom-section-iwt elementor-section-height-default elementor-section-height-default parallax_section_no\" data-id=\"1594969\" data-element_type=\"section\" data-e-type=\"section\" data-settings=\"{&quot;background_background&quot;:&quot;classic&quot;}\">\n\t\t\t\t\t\t<div class=\"elementor-container elementor-column-gap-default\">\n\t\t\t\t\t<div class=\"elementor-column elementor-col-100 elementor-top-column elementor-element elementor-element-f81fa5e\" data-id=\"f81fa5e\" data-element_type=\"column\" data-e-type=\"column\" data-settings=\"{&quot;background_background&quot;:&quot;classic&quot;}\">\n\t\t\t<div class=\"elementor-widget-wrap elementor-element-populated\">\n\t\t\t\t\t\t<section class=\"elementor-section elementor-inner-section elementor-element elementor-element-3671be1 elementor-section-full_width qode_elementor_container_inner elementor-section-height-default elementor-section-height-default parallax_section_no\" data-id=\"3671be1\" data-element_type=\"section\" data-e-type=\"section\" data-settings=\"{&quot;background_background&quot;:&quot;classic&quot;}\">\n\t\t\t\t\t\t<div class=\"elementor-container elementor-column-gap-default\">\n\t\t\t\t\t<div class=\"elementor-column elementor-col-33 elementor-inner-column elementor-element elementor-element-20427a1\" data-id=\"20427a1\" data-element_type=\"column\" data-e-type=\"column\">\n\t\t\t<div class=\"elementor-widget-wrap elementor-element-populated\">\n\t\t\t\t\t\t<div class=\"elementor-element elementor-element-737c160 elementor-widget elementor-widget-bridge_icon\" data-id=\"737c160\" data-element_type=\"widget\" data-e-type=\"widget\" data-widget_type=\"bridge_icon.default\">\n\t\t\t\t<div class=\"elementor-widget-container\">\n\t\t\t\t\t<span data-type=\"normal\"  class=\"qode_icon_shortcode  q_font_awsome_icon fa-5x pull-center q_icon_animation\" style=\" \"><i class=\"qode_icon_font_awesome fa fa-stethoscope qode_icon_element\" style=\"\" ><\/i><\/span>\t\t\t\t<\/div>\n\t\t\t\t<\/div>\n\t\t\t\t<div class=\"elementor-element elementor-element-d43de51 elementor-widget elementor-widget-heading\" data-id=\"d43de51\" data-element_type=\"widget\" data-e-type=\"widget\" data-widget_type=\"heading.default\">\n\t\t\t\t<div class=\"elementor-widget-container\">\n\t\t\t\t\t<h4 class=\"elementor-heading-title elementor-size-default\">Diagnostik<\/h4>\t\t\t\t<\/div>\n\t\t\t\t<\/div>\n\t\t\t\t<div class=\"elementor-element elementor-element-566558a elementor-widget elementor-widget-text-editor\" data-id=\"566558a\" data-element_type=\"widget\" data-e-type=\"widget\" data-widget_type=\"text-editor.default\">\n\t\t\t\t<div class=\"elementor-widget-container\">\n\t\t\t\t\t\t\t\t\t<p class=\"vidar-service-links\"><a href=\"https:\/\/vidar.rs\/de\/augenaerztliche-untersuchung\/\">Augen\u00e4rztliche Untersuchung<\/a><br \/><a href=\"https:\/\/vidar.rs\/de\/biometrie-des-auges\/\">Biometrie des Auges<\/a><br \/><a href=\"https:\/\/vidar.rs\/de\/ultraschalluntersuchung-des-auges\/\">Ultraschall des Auges<\/a><br \/><a href=\"https:\/\/vidar.rs\/de\/hornhauttopografie\/\">Hornhauttopografie<\/a><br \/><a href=\"https:\/\/vidar.rs\/de\/computergestuetzte-gesichtsfeldmessung\/\">Computergest\u00fctzte Gesichtsfeldmessung<\/a><br \/><a href=\"https:\/\/vidar.rs\/de\/optische-kohaerenztomografie-oct\/\">Optische Koh\u00e4renztomografie<\/a><\/p>\t\t\t\t\t\t\t\t<\/div>\n\t\t\t\t<\/div>\n\t\t\t\t\t<\/div>\n\t\t<\/div>\n\t\t\t\t<div class=\"elementor-column elementor-col-33 elementor-inner-column elementor-element elementor-element-6493e1d\" data-id=\"6493e1d\" data-element_type=\"column\" data-e-type=\"column\">\n\t\t\t<div class=\"elementor-widget-wrap elementor-element-populated\">\n\t\t\t\t\t\t<div class=\"elementor-element elementor-element-f063009 elementor-widget elementor-widget-bridge_icon\" data-id=\"f063009\" data-element_type=\"widget\" data-e-type=\"widget\" data-widget_type=\"bridge_icon.default\">\n\t\t\t\t<div class=\"elementor-widget-container\">\n\t\t\t\t\t<span data-type=\"normal\"  class=\"qode_icon_shortcode  q_font_awsome_icon fa-5x pull-center q_icon_animation\" style=\" \"><i class=\"qode_icon_font_awesome fa fa-eye qode_icon_element\" style=\"\" ><\/i><\/span>\t\t\t\t<\/div>\n\t\t\t\t<\/div>\n\t\t\t\t<div class=\"elementor-element elementor-element-a7f8c86 elementor-widget elementor-widget-heading\" data-id=\"a7f8c86\" data-element_type=\"widget\" data-e-type=\"widget\" data-widget_type=\"heading.default\">\n\t\t\t\t<div class=\"elementor-widget-container\">\n\t\t\t\t\t<h4 class=\"elementor-heading-title elementor-size-default\">Therapeutische Verfahren<\/h4>\t\t\t\t<\/div>\n\t\t\t\t<\/div>\n\t\t\t\t<div class=\"elementor-element elementor-element-40ce3a2 elementor-widget elementor-widget-text-editor\" data-id=\"40ce3a2\" data-element_type=\"widget\" data-e-type=\"widget\" data-widget_type=\"text-editor.default\">\n\t\t\t\t<div class=\"elementor-widget-container\">\n\t\t\t\t\t\t\t\t\t<p class=\"vidar-service-links\"><a href=\"https:\/\/vidar.rs\/de\/leistungen-und-preise\/#laserske-intervencije\">Lasereingriffe<\/a><br \/><a href=\"https:\/\/vidar.rs\/de\/leistungen-und-preise\/#anti-vegf-terapija\">Anti-VEGF-Behandlung<\/a><br \/><a href=\"https:\/\/vidar.rs\/de\/leistungen-und-preise\/#vadenje-stranog-tela\">Entfernung eines Fremdk\u00f6rpers<\/a><br \/><a href=\"https:\/\/vidar.rs\/de\/leistungen-und-preise\/#terapeutsko-socivo\">Einsetzen einer therapeutischen Linse<\/a><br \/><a href=\"https:\/\/vidar.rs\/de\/leistungen-und-preise\/#propiranje-suznog-kanala\">Sp\u00fclung der Tr\u00e4nenwege<\/a><\/p>\t\t\t\t\t\t\t\t<\/div>\n\t\t\t\t<\/div>\n\t\t\t\t\t<\/div>\n\t\t<\/div>\n\t\t\t\t<div class=\"elementor-column elementor-col-33 elementor-inner-column elementor-element elementor-element-7d09cd9\" data-id=\"7d09cd9\" data-element_type=\"column\" data-e-type=\"column\">\n\t\t\t<div class=\"elementor-widget-wrap elementor-element-populated\">\n\t\t\t\t\t\t<div class=\"elementor-element elementor-element-093adb0 elementor-widget elementor-widget-bridge_icon\" data-id=\"093adb0\" data-element_type=\"widget\" data-e-type=\"widget\" data-widget_type=\"bridge_icon.default\">\n\t\t\t\t<div class=\"elementor-widget-container\">\n\t\t\t\t\t<span data-type=\"normal\"  class=\"qode_icon_shortcode  q_font_awsome_icon fa-5x pull-center q_icon_animation\" style=\" \"><i class=\"qode_icon_font_awesome fa fa-medkit qode_icon_element\" style=\"\" ><\/i><\/span>\t\t\t\t<\/div>\n\t\t\t\t<\/div>\n\t\t\t\t<div class=\"elementor-element elementor-element-71b0aa0 elementor-widget elementor-widget-heading\" data-id=\"71b0aa0\" data-element_type=\"widget\" data-e-type=\"widget\" data-widget_type=\"heading.default\">\n\t\t\t\t<div class=\"elementor-widget-container\">\n\t\t\t\t\t<h4 class=\"elementor-heading-title elementor-size-default\">Chirurgie<\/h4>\t\t\t\t<\/div>\n\t\t\t\t<\/div>\n\t\t\t\t<div class=\"elementor-element elementor-element-62d0d43 elementor-widget elementor-widget-text-editor\" data-id=\"62d0d43\" data-element_type=\"widget\" data-e-type=\"widget\" data-widget_type=\"text-editor.default\">\n\t\t\t\t<div class=\"elementor-widget-container\">\n\t\t\t\t\t\t\t\t\t<p class=\"vidar-service-links\"><a href=\"https:\/\/vidar.rs\/de\/kataraktoperation\/\">Kataraktoperation<\/a><br \/><a href=\"https:\/\/vidar.rs\/de\/operative-laserkorrektur-von-fehlsichtigkeiten\/\">Operative Laserkorrektur<\/a><br \/><a href=\"https:\/\/vidar.rs\/de\/operative-behandlung-des-keratokonus\/\">Hornhautchirurgie<\/a><br \/><a href=\"https:\/\/vidar.rs\/de\/glaukomoperationen\/\">Glaukomchirurgie<\/a><br \/><a href=\"https:\/\/vidar.rs\/de\/altersbedingte-makuladegeneration\/\">Netzhautchirurgie<\/a><br \/><a href=\"https:\/\/vidar.rs\/de\/leistungen-und-preise\/\">Lidchirurgie<\/a><\/p>\t\t\t\t\t\t\t\t<\/div>\n\t\t\t\t<\/div>\n\t\t\t\t\t<\/div>\n\t\t<\/div>\n\t\t\t\t\t<\/div>\n\t\t<\/section>\n\t\t\t\t\t<\/div>\n\t\t<\/div>\n\t\t\t\t\t<\/div>\n\t\t<\/section>\n\t\t\t\t<section class=\"elementor-section elementor-top-section elementor-element elementor-element-787a963 elementor-section-full_width qode_elementor_container_inner elementor-section-height-default elementor-section-height-default parallax_section_no\" data-id=\"787a963\" data-element_type=\"section\" data-e-type=\"section\">\n\t\t\t\t\t\t<div class=\"elementor-container elementor-column-gap-default\">\n\t\t\t\t\t<div class=\"elementor-column elementor-col-33 elementor-top-column elementor-element elementor-element-aa5f33e\" data-id=\"aa5f33e\" data-element_type=\"column\" data-e-type=\"column\">\n\t\t\t<div class=\"elementor-widget-wrap elementor-element-populated\">\n\t\t\t\t\t\t<div class=\"elementor-element elementor-element-109f881 elementor-widget elementor-widget-bridge_image_gallery\" data-id=\"109f881\" data-element_type=\"widget\" data-e-type=\"widget\" data-widget_type=\"bridge_image_gallery.default\">\n\t\t\t\t<div class=\"elementor-widget-container\">\n\t\t\t\t\t<div class=\"qode-image-gallery\"><div class=\"qode-image-gallery-inner\"><div class=\"qode-image-gallery-slides flexslider_fade flexslider\" data-interval=\"3\"data-flex_fx=\"fade\" data-direction=\"false\" data-drag=\"false\"><ul class=\"slides\"><li><img decoding=\"async\" src=\"https:\/\/vidar.rs\/wp-content\/uploads\/2021\/11\/KIM_0869-1024x682.jpg\" alt=\"\" \/><\/li><\/div><\/div><\/div>\t\t\t\t<\/div>\n\t\t\t\t<\/div>\n\t\t\t\t<div class=\"elementor-element elementor-element-99707ea elementor-widget elementor-widget-qi_addons_for_elementor_section_title\" data-id=\"99707ea\" data-element_type=\"widget\" data-e-type=\"widget\" data-widget_type=\"qi_addons_for_elementor_section_title.default\">\n\t\t\t\t<div class=\"elementor-widget-container\">\n\t\t\t\t\t<div class=\"qodef-shortcode qodef-m qodef-qi-section-title qodef-decoration--italic qodef-link--underline-draw qodef-subtitle-icon--left\">\n\t\t\t\t\t\t<h4 class=\"qodef-m-title\">\n\t\tModernste Ausstattung\t<\/h4>\n\t\t\t<div class=\"qodef-m-text\"><p style=\"font-weight: 400\">Das Fachwissen und die reiche Erfahrung unseres Personals werden durch den Einsatz modernster Ausstattung unterst\u00fctzt, was gemeinsam zu gr\u00f6\u00dftm\u00f6glicher Sicherheit und Wirksamkeit bei der Behandlung unserer Patienten beitr\u00e4gt.<\/p><\/div>\n\t<\/div>\n\t\t\t\t<\/div>\n\t\t\t\t<\/div>\n\t\t\t\t\t<\/div>\n\t\t<\/div>\n\t\t\t\t<div class=\"elementor-column elementor-col-33 elementor-top-column elementor-element elementor-element-32e591c\" data-id=\"32e591c\" data-element_type=\"column\" data-e-type=\"column\">\n\t\t\t<div class=\"elementor-widget-wrap elementor-element-populated\">\n\t\t\t\t\t\t<div class=\"elementor-element elementor-element-360cf3d elementor-widget elementor-widget-bridge_image_gallery\" data-id=\"360cf3d\" data-element_type=\"widget\" data-e-type=\"widget\" data-widget_type=\"bridge_image_gallery.default\">\n\t\t\t\t<div class=\"elementor-widget-container\">\n\t\t\t\t\t<div class=\"qode-image-gallery\"><div class=\"qode-image-gallery-inner\"><div class=\"qode-image-gallery-slides flexslider_fade flexslider\" data-interval=\"3\"data-flex_fx=\"fade\" data-direction=\"false\" data-drag=\"false\"><ul class=\"slides\"><li><img decoding=\"async\" src=\"https:\/\/vidar.rs\/wp-content\/uploads\/2021\/11\/KIM_0935-1024x682.jpg\" alt=\"Nao\u010dare i tabla za proveru vidne o\u0161trine\" \/><\/li><\/div><\/div><\/div>\t\t\t\t<\/div>\n\t\t\t\t<\/div>\n\t\t\t\t<div class=\"elementor-element elementor-element-72977a1 elementor-widget elementor-widget-qi_addons_for_elementor_section_title\" data-id=\"72977a1\" data-element_type=\"widget\" data-e-type=\"widget\" data-widget_type=\"qi_addons_for_elementor_section_title.default\">\n\t\t\t\t<div class=\"elementor-widget-container\">\n\t\t\t\t\t<div class=\"qodef-shortcode qodef-m qodef-qi-section-title qodef-decoration--italic qodef-link--underline-draw qodef-subtitle-icon--left\">\n\t\t\t\t\t\t<h4 class=\"qodef-m-title\">\n\t\tWerden Sie Ihre Fehlsichtigkeit los\t<\/h4>\n\t\t\t<div class=\"qodef-m-text\"><p>Wenn Sie sich mehr Freiheit ohne Brille und Kontaktlinsen w\u00fcnschen, ist der erste Schritt eine ausf\u00fchrliche Untersuchung. In der Klinik VIDAR-ORASIS SWISS beurteilen wir mit genauen Messungen, ob die Laserkorrektur f\u00fcr Ihre Augen sicher ist, und w\u00e4hlen das Verfahren nach Ihrem Befund, Ihren Bed\u00fcrfnissen und Ihrer Lebensweise aus.<\/p><\/div>\n\t<\/div>\n\t\t\t\t<\/div>\n\t\t\t\t<\/div>\n\t\t\t\t\t<\/div>\n\t\t<\/div>\n\t\t\t\t<div class=\"elementor-column elementor-col-33 elementor-top-column elementor-element elementor-element-286ee16\" data-id=\"286ee16\" data-element_type=\"column\" data-e-type=\"column\" data-settings=\"{&quot;background_background&quot;:&quot;classic&quot;}\">\n\t\t\t<div class=\"elementor-widget-wrap elementor-element-populated\">\n\t\t\t\t\t\t<div class=\"elementor-element elementor-element-77d600e elementor-widget elementor-widget-qi_addons_for_elementor_section_title\" data-id=\"77d600e\" data-element_type=\"widget\" data-e-type=\"widget\" data-widget_type=\"qi_addons_for_elementor_section_title.default\">\n\t\t\t\t<div class=\"elementor-widget-container\">\n\t\t\t\t\t<div class=\"qodef-shortcode qodef-m qodef-qi-section-title qodef-decoration--italic qodef-link--underline-draw qodef-subtitle-icon--left\">\n\t\t\t\t<h5 class=\"qodef-m-subtitle\">\n\t\tImmer f\u00fcr Sie da\t\t\t<\/h5>\n\t\t\t<h3 class=\"qodef-m-title\">\n\t\t\u00d6ffnungszeiten\t<\/h3>\n\t\t\t<\/div>\n\t\t\t\t<\/div>\n\t\t\t\t<\/div>\n\t\t\t\t<div class=\"elementor-element elementor-element-5d4fe00 elementor-widget elementor-widget-bridge_advanced_pricing_list\" data-id=\"5d4fe00\" data-element_type=\"widget\" data-e-type=\"widget\" data-widget_type=\"bridge_advanced_pricing_list.default\">\n\t\t\t\t<div class=\"elementor-widget-container\">\n\t\t\t\t\t<div class=\"qode-advanced-pricing-list\">\n\t<div class=\"qode-apl-header\">\n\t\t<div class=\"qode-apl-title-holder\">\n\t\t\t<h3 class=\"qode-apl-title\" style=\"color:#FFFFFF;text-align:center\">\n\t\t\t\t\t\t\t<\/h3>\n\t\t<\/div>\n\t<\/div>\n\t<div class=\"qode-apl-items\">\n\t\t\t\t\t\t<div class=\"qode-apl-item\">\n\t\t\t\t\t<div class=\"qode-apl-item-top\">\n\t\t\t\t\t\t<h6 class=\"qode-apl-item-title\" style=\"color:#FFFFFF\">\n\t\t\t\t\t\t\tMontag\t\t\t\t\t\t<\/h6>\n\t\t\t\t\t\t<div class=\"qode-apl-line\" style=\"border-style:dotted;border-color:#FFFFFF\"><\/div>\n\t\t\t\t\t\t<h6 class=\"qode-apl-item-price\" style=\"color:#FFFFFF\">\n\t\t\t\t\t\t\t8:00 h - 20:00 h\t\t\t\t\t\t<\/h6>\n\t\t\t\t\t<\/div>\n\t\t\t\t\t\t\t\t\t<\/div>\n\t\t\t\t<\/div>\n<\/div>\t\t\t\t<\/div>\n\t\t\t\t<\/div>\n\t\t\t\t<div class=\"elementor-element elementor-element-e673246 elementor-widget elementor-widget-bridge_advanced_pricing_list\" data-id=\"e673246\" data-element_type=\"widget\" data-e-type=\"widget\" data-widget_type=\"bridge_advanced_pricing_list.default\">\n\t\t\t\t<div class=\"elementor-widget-container\">\n\t\t\t\t\t<div class=\"qode-advanced-pricing-list\">\n\t<div class=\"qode-apl-header\">\n\t\t<div class=\"qode-apl-title-holder\">\n\t\t\t<h3 class=\"qode-apl-title\" style=\"color:#FFFFFF;text-align:center\">\n\t\t\t\t\t\t\t<\/h3>\n\t\t<\/div>\n\t<\/div>\n\t<div class=\"qode-apl-items\">\n\t\t\t\t\t\t<div class=\"qode-apl-item\">\n\t\t\t\t\t<div class=\"qode-apl-item-top\">\n\t\t\t\t\t\t<h6 class=\"qode-apl-item-title\" style=\"color:#FFFFFF\">\n\t\t\t\t\t\t\tDienstag\t\t\t\t\t\t<\/h6>\n\t\t\t\t\t\t<div class=\"qode-apl-line\" style=\"border-style:dotted;border-color:#FFFFFF\"><\/div>\n\t\t\t\t\t\t<h6 class=\"qode-apl-item-price\" style=\"color:#FFFFFF\">\n\t\t\t\t\t\t\t8:00 h - 20:00 h\t\t\t\t\t\t<\/h6>\n\t\t\t\t\t<\/div>\n\t\t\t\t\t\t\t\t\t<\/div>\n\t\t\t\t<\/div>\n<\/div>\t\t\t\t<\/div>\n\t\t\t\t<\/div>\n\t\t\t\t<div class=\"elementor-element elementor-element-2845340 elementor-widget elementor-widget-bridge_advanced_pricing_list\" data-id=\"2845340\" data-element_type=\"widget\" data-e-type=\"widget\" data-widget_type=\"bridge_advanced_pricing_list.default\">\n\t\t\t\t<div class=\"elementor-widget-container\">\n\t\t\t\t\t<div class=\"qode-advanced-pricing-list\">\n\t<div class=\"qode-apl-header\">\n\t\t<div class=\"qode-apl-title-holder\">\n\t\t\t<h3 class=\"qode-apl-title\" style=\"color:#FFFFFF;text-align:center\">\n\t\t\t\t\t\t\t<\/h3>\n\t\t<\/div>\n\t<\/div>\n\t<div class=\"qode-apl-items\">\n\t\t\t\t\t\t<div class=\"qode-apl-item\">\n\t\t\t\t\t<div class=\"qode-apl-item-top\">\n\t\t\t\t\t\t<h6 class=\"qode-apl-item-title\" style=\"color:#FFFFFF\">\n\t\t\t\t\t\t\tMittwoch\t\t\t\t\t\t<\/h6>\n\t\t\t\t\t\t<div class=\"qode-apl-line\" style=\"border-style:dotted;border-color:#FFFFFF\"><\/div>\n\t\t\t\t\t\t<h6 class=\"qode-apl-item-price\" style=\"color:#FFFFFF\">\n\t\t\t\t\t\t\t8:00 h - 20:00 h\t\t\t\t\t\t<\/h6>\n\t\t\t\t\t<\/div>\n\t\t\t\t\t\t\t\t\t<\/div>\n\t\t\t\t<\/div>\n<\/div>\t\t\t\t<\/div>\n\t\t\t\t<\/div>\n\t\t\t\t<div class=\"elementor-element elementor-element-82f5544 elementor-widget elementor-widget-bridge_advanced_pricing_list\" data-id=\"82f5544\" data-element_type=\"widget\" data-e-type=\"widget\" data-widget_type=\"bridge_advanced_pricing_list.default\">\n\t\t\t\t<div class=\"elementor-widget-container\">\n\t\t\t\t\t<div class=\"qode-advanced-pricing-list\">\n\t<div class=\"qode-apl-header\">\n\t\t<div class=\"qode-apl-title-holder\">\n\t\t\t<h3 class=\"qode-apl-title\" style=\"color:#FFFFFF;text-align:center\">\n\t\t\t\t\t\t\t<\/h3>\n\t\t<\/div>\n\t<\/div>\n\t<div class=\"qode-apl-items\">\n\t\t\t\t\t\t<div class=\"qode-apl-item\">\n\t\t\t\t\t<div class=\"qode-apl-item-top\">\n\t\t\t\t\t\t<h6 class=\"qode-apl-item-title\" style=\"color:#FFFFFF\">\n\t\t\t\t\t\t\tDonnerstag\t\t\t\t\t\t<\/h6>\n\t\t\t\t\t\t<div class=\"qode-apl-line\" style=\"border-style:dotted;border-color:#FFFFFF\"><\/div>\n\t\t\t\t\t\t<h6 class=\"qode-apl-item-price\" style=\"color:#FFFFFF\">\n\t\t\t\t\t\t\t8:00 h - 20:00 h\t\t\t\t\t\t<\/h6>\n\t\t\t\t\t<\/div>\n\t\t\t\t\t\t\t\t\t<\/div>\n\t\t\t\t<\/div>\n<\/div>\t\t\t\t<\/div>\n\t\t\t\t<\/div>\n\t\t\t\t<div class=\"elementor-element elementor-element-f32d915 elementor-widget elementor-widget-bridge_advanced_pricing_list\" data-id=\"f32d915\" data-element_type=\"widget\" data-e-type=\"widget\" data-widget_type=\"bridge_advanced_pricing_list.default\">\n\t\t\t\t<div class=\"elementor-widget-container\">\n\t\t\t\t\t<div class=\"qode-advanced-pricing-list\">\n\t<div class=\"qode-apl-header\">\n\t\t<div class=\"qode-apl-title-holder\">\n\t\t\t<h3 class=\"qode-apl-title\" style=\"color:#FFFFFF;text-align:center\">\n\t\t\t\t\t\t\t<\/h3>\n\t\t<\/div>\n\t<\/div>\n\t<div class=\"qode-apl-items\">\n\t\t\t\t\t\t<div class=\"qode-apl-item\">\n\t\t\t\t\t<div class=\"qode-apl-item-top\">\n\t\t\t\t\t\t<h6 class=\"qode-apl-item-title\" style=\"color:#FFFFFF\">\n\t\t\t\t\t\t\tFreitag\t\t\t\t\t\t<\/h6>\n\t\t\t\t\t\t<div class=\"qode-apl-line\" style=\"border-style:dotted;border-color:#FFFFFF\"><\/div>\n\t\t\t\t\t\t<h6 class=\"qode-apl-item-price\" style=\"color:#FFFFFF\">\n\t\t\t\t\t\t\t8:00 h - 20:00 h\t\t\t\t\t\t<\/h6>\n\t\t\t\t\t<\/div>\n\t\t\t\t\t\t\t\t\t<\/div>\n\t\t\t\t<\/div>\n<\/div>\t\t\t\t<\/div>\n\t\t\t\t<\/div>\n\t\t\t\t<div class=\"elementor-element elementor-element-8387637 elementor-widget elementor-widget-bridge_advanced_pricing_list\" data-id=\"8387637\" data-element_type=\"widget\" data-e-type=\"widget\" data-widget_type=\"bridge_advanced_pricing_list.default\">\n\t\t\t\t<div class=\"elementor-widget-container\">\n\t\t\t\t\t<div class=\"qode-advanced-pricing-list\">\n\t<div class=\"qode-apl-header\">\n\t\t<div class=\"qode-apl-title-holder\">\n\t\t\t<h3 class=\"qode-apl-title\" style=\"color:#FFFFFF;text-align:center\">\n\t\t\t\t\t\t\t<\/h3>\n\t\t<\/div>\n\t<\/div>\n\t<div class=\"qode-apl-items\">\n\t\t\t\t\t\t<div class=\"qode-apl-item\">\n\t\t\t\t\t<div class=\"qode-apl-item-top\">\n\t\t\t\t\t\t<h6 class=\"qode-apl-item-title\" style=\"color:#FFFFFF\">\n\t\t\t\t\t\t\tSamstag\t\t\t\t\t\t<\/h6>\n\t\t\t\t\t\t<div class=\"qode-apl-line\" style=\"border-style:dotted;border-color:#FFFFFF\"><\/div>\n\t\t\t\t\t\t<h6 class=\"qode-apl-item-price\" style=\"color:#FFFFFF\">\n\t\t\t\t\t\t\tGeschlossen\t\t\t\t\t\t<\/h6>\n\t\t\t\t\t<\/div>\n\t\t\t\t\t\t\t\t\t<\/div>\n\t\t\t\t<\/div>\n<\/div>\t\t\t\t<\/div>\n\t\t\t\t<\/div>\n\t\t\t\t<div class=\"elementor-element elementor-element-85b2514 elementor-widget elementor-widget-bridge_advanced_pricing_list\" data-id=\"85b2514\" data-element_type=\"widget\" data-e-type=\"widget\" data-widget_type=\"bridge_advanced_pricing_list.default\">\n\t\t\t\t<div class=\"elementor-widget-container\">\n\t\t\t\t\t<div class=\"qode-advanced-pricing-list\">\n\t<div class=\"qode-apl-header\">\n\t\t<div class=\"qode-apl-title-holder\">\n\t\t\t<h3 class=\"qode-apl-title\" style=\"color:#FFFFFF;text-align:center\">\n\t\t\t\t\t\t\t<\/h3>\n\t\t<\/div>\n\t<\/div>\n\t<div class=\"qode-apl-items\">\n\t\t\t\t\t\t<div class=\"qode-apl-item\">\n\t\t\t\t\t<div class=\"qode-apl-item-top\">\n\t\t\t\t\t\t<h6 class=\"qode-apl-item-title\" style=\"color:#FFFFFF\">\n\t\t\t\t\t\t\tSonntag\t\t\t\t\t\t<\/h6>\n\t\t\t\t\t\t<div class=\"qode-apl-line\" style=\"border-style:dotted;border-color:#FFFFFF\"><\/div>\n\t\t\t\t\t\t<h6 class=\"qode-apl-item-price\" style=\"color:#FFFFFF\">\n\t\t\t\t\t\t\tGeschlossen\t\t\t\t\t\t<\/h6>\n\t\t\t\t\t<\/div>\n\t\t\t\t\t\t\t\t\t<\/div>\n\t\t\t\t<\/div>\n<\/div>\t\t\t\t<\/div>\n\t\t\t\t<\/div>\n\t\t\t\t\t<\/div>\n\t\t<\/div>\n\t\t\t\t\t<\/div>\n\t\t<\/section>\n\t\t\t\t<section class=\"elementor-section elementor-top-section elementor-element elementor-element-73247d6 elementor-section-full_width elementor-section-height-default elementor-section-height-default parallax_section_no qode_elementor_container_no\" data-id=\"73247d6\" data-element_type=\"section\" data-e-type=\"section\">\n\t\t\t\t\t\t<div class=\"elementor-container elementor-column-gap-default\">\n\t\t\t\t\t<div class=\"elementor-column elementor-col-100 elementor-top-column elementor-element elementor-element-43e92de7\" data-id=\"43e92de7\" data-element_type=\"column\" data-e-type=\"column\">\n\t\t\t<div class=\"elementor-widget-wrap elementor-element-populated\">\n\t\t\t\t\t\t<div class=\"elementor-element elementor-element-52d3507f elementor-widget elementor-widget-bridge_sliding_image_holder\" data-id=\"52d3507f\" data-element_type=\"widget\" data-e-type=\"widget\" data-widget_type=\"bridge_sliding_image_holder.default\">\n\t\t\t\t<div class=\"elementor-widget-container\">\n\t\t\t\t\t<div class=\"qode-sliding-image-holder\">\n\t<div class=\"qode-sih-image-holder\" style=\"background-image:url(https:\/\/vidar.rs\/wp-content\/uploads\/2026\/08\/sliding-image-1-1-copy.png)\">\n\t\t<img decoding=\"async\" class=\"qode-sliding-image-background-image\" src=\"https:\/\/vidar.rs\/wp-content\/uploads\/2026\/08\/sliding-image-1-1-copy.png\" alt=\"Sliding Image\" \/>\n\t\t<img decoding=\"async\" class=\"qode-sliding-image-background-image qode-aux-background-image\" src=\"https:\/\/vidar.rs\/wp-content\/uploads\/2026\/08\/sliding-image-1-1-copy.png\" alt=\"Sliding Image\" \/>\n\t<\/div>\n\t\t\t<div data-elementor-type=\"section\" data-elementor-id=\"764\" class=\"elementor elementor-764\">\n\t\t\t\t\t\t<section class=\"elementor-section elementor-top-section elementor-element elementor-element-4198550 elementor-section-full_width elementor-section-height-default elementor-section-height-default parallax_section_no qode_elementor_container_no\" data-id=\"4198550\" data-element_type=\"section\" data-e-type=\"section\">\n\t\t\t\t\t\t<div class=\"elementor-container elementor-column-gap-default\">\n\t\t\t\t\t<div class=\"elementor-column elementor-col-100 elementor-top-column elementor-element elementor-element-489b5208\" data-id=\"489b5208\" data-element_type=\"column\" data-e-type=\"column\">\n\t\t\t<div class=\"elementor-widget-wrap elementor-element-populated\">\n\t\t\t\t\t\t<div class=\"elementor-element elementor-element-381121ed elementor-widget elementor-widget-spacer\" data-id=\"381121ed\" data-element_type=\"widget\" data-e-type=\"widget\" data-widget_type=\"spacer.default\">\n\t\t\t\t<div class=\"elementor-widget-container\">\n\t\t\t\t\t\t\t<div class=\"elementor-spacer\">\n\t\t\t<div class=\"elementor-spacer-inner\"><\/div>\n\t\t<\/div>\n\t\t\t\t\t\t<\/div>\n\t\t\t\t<\/div>\n\t\t\t\t\t<\/div>\n\t\t<\/div>\n\t\t\t\t\t<\/div>\n\t\t<\/section>\n\t\t\t\t<\/div>\n\t\t<\/div>\t\t\t\t<\/div>\n\t\t\t\t<\/div>\n\t\t\t\t\t<\/div>\n\t\t<\/div>\n\t\t\t\t\t<\/div>\n\t\t<\/section>\n\t\t\t\t<section class=\"elementor-section elementor-top-section elementor-element elementor-element-d007af1 elementor-section-full_width elementor-section-height-default elementor-section-height-default parallax_section_no qode_elementor_container_no\" data-id=\"d007af1\" data-element_type=\"section\" data-e-type=\"section\">\n\t\t\t\t\t\t<div class=\"elementor-container elementor-column-gap-default\">\n\t\t\t\t\t<div class=\"elementor-column elementor-col-100 elementor-top-column elementor-element elementor-element-7e5fa8ea\" data-id=\"7e5fa8ea\" data-element_type=\"column\" data-e-type=\"column\">\n\t\t\t<div class=\"elementor-widget-wrap elementor-element-populated\">\n\t\t\t\t\t\t<div class=\"elementor-element elementor-element-a55eb28 elementor-widget elementor-widget-bridge_sliding_image_holder\" data-id=\"a55eb28\" data-element_type=\"widget\" data-e-type=\"widget\" data-widget_type=\"bridge_sliding_image_holder.default\">\n\t\t\t\t<div class=\"elementor-widget-container\">\n\t\t\t\t\t<div class=\"qode-sliding-image-holder\">\n\t<div class=\"qode-sih-image-holder\" style=\"background-image:url(https:\/\/vidar.rs\/wp-content\/uploads\/2026\/08\/sliding-image-2-1-copy.png)\">\n\t\t<img decoding=\"async\" class=\"qode-sliding-image-background-image\" src=\"https:\/\/vidar.rs\/wp-content\/uploads\/2026\/08\/sliding-image-2-1-copy.png\" alt=\"Sliding Image\" \/>\n\t\t<img decoding=\"async\" class=\"qode-sliding-image-background-image qode-aux-background-image\" src=\"https:\/\/vidar.rs\/wp-content\/uploads\/2026\/08\/sliding-image-2-1-copy.png\" alt=\"Sliding Image\" \/>\n\t<\/div>\n\t\t\t<div data-elementor-type=\"section\" data-elementor-id=\"764\" class=\"elementor elementor-764\">\n\t\t\t\t\t\t<section class=\"elementor-section elementor-top-section elementor-element elementor-element-4198550 elementor-section-full_width elementor-section-height-default elementor-section-height-default parallax_section_no qode_elementor_container_no\" data-id=\"4198550\" data-element_type=\"section\" data-e-type=\"section\">\n\t\t\t\t\t\t<div class=\"elementor-container elementor-column-gap-default\">\n\t\t\t\t\t<div class=\"elementor-column elementor-col-100 elementor-top-column elementor-element elementor-element-489b5208\" data-id=\"489b5208\" data-element_type=\"column\" data-e-type=\"column\">\n\t\t\t<div class=\"elementor-widget-wrap elementor-element-populated\">\n\t\t\t\t\t\t<div class=\"elementor-element elementor-element-381121ed elementor-widget elementor-widget-spacer\" data-id=\"381121ed\" data-element_type=\"widget\" data-e-type=\"widget\" data-widget_type=\"spacer.default\">\n\t\t\t\t<div class=\"elementor-widget-container\">\n\t\t\t\t\t\t\t<div class=\"elementor-spacer\">\n\t\t\t<div class=\"elementor-spacer-inner\"><\/div>\n\t\t<\/div>\n\t\t\t\t\t\t<\/div>\n\t\t\t\t<\/div>\n\t\t\t\t\t<\/div>\n\t\t<\/div>\n\t\t\t\t\t<\/div>\n\t\t<\/section>\n\t\t\t\t<\/div>\n\t\t<\/div>\t\t\t\t<\/div>\n\t\t\t\t<\/div>\n\t\t\t\t\t<\/div>\n\t\t<\/div>\n\t\t\t\t\t<\/div>\n\t\t<\/section>\n\t\t\t\t<section class=\"elementor-section elementor-top-section elementor-element elementor-element-54d4d86 elementor-section-full_width elementor-section-height-default elementor-section-height-default parallax_section_no qode_elementor_container_no\" data-id=\"54d4d86\" data-element_type=\"section\" data-e-type=\"section\" data-settings=\"{&quot;background_background&quot;:&quot;classic&quot;}\">\n\t\t\t\t\t\t<div class=\"elementor-container elementor-column-gap-default\">\n\t\t\t\t\t<div class=\"elementor-column elementor-col-100 elementor-top-column elementor-element elementor-element-07a8f8d\" data-id=\"07a8f8d\" data-element_type=\"column\" data-e-type=\"column\">\n\t\t\t<div class=\"elementor-widget-wrap elementor-element-populated\">\n\t\t\t\t\t\t<section class=\"elementor-section elementor-inner-section elementor-element elementor-element-1ac336f qode_elementor_container_inner elementor-section-full_width elementor-section-height-default elementor-section-height-default parallax_section_no\" data-id=\"1ac336f\" data-element_type=\"section\" data-e-type=\"section\">\n\t\t\t\t\t\t<div class=\"elementor-container elementor-column-gap-default\">\n\t\t\t\t\t<div class=\"elementor-column elementor-col-100 elementor-inner-column elementor-element elementor-element-6dda3e1\" data-id=\"6dda3e1\" data-element_type=\"column\" data-e-type=\"column\">\n\t\t\t<div class=\"elementor-widget-wrap elementor-element-populated\">\n\t\t\t\t\t\t<div class=\"elementor-element elementor-element-041f0eb elementor-widget elementor-widget-bridge_icon_text\" data-id=\"041f0eb\" data-element_type=\"widget\" data-e-type=\"widget\" data-widget_type=\"bridge_icon_text.default\">\n\t\t\t\t<div class=\"elementor-widget-container\">\n\t\t\t\t\t<div class='q_icon_with_title medium custom_icon_image '><div class=\"icon_holder \" style=\" \"><img decoding=\"async\" src=\"https:\/\/vidar.rs\/wp-content\/uploads\/2021\/11\/Favicon.png\" alt=\"\"><\/div><div class=\"icon_text_holder\" style=\"\"><div class=\"icon_text_inner\" style=\"\"><h6 class=\"icon_title\" style=\"\">Verbessern Sie Ihre Lebensqualit\u00e4t, indem Sie Ihr Sehverm\u00f6gen verbessern<\/h6><p style=''>Ob Sie ein Problem mit Ihrem Sehverm\u00f6gen haben oder regelm\u00e4\u00dfige Kontrollen w\u00fcnschen, um einem solchen vorzubeugen, wir stehen Ihnen zur Verf\u00fcgung.<\/p><\/div><\/div><\/div>\t\t\t\t<\/div>\n\t\t\t\t<\/div>\n\t\t\t\t<div class=\"elementor-element elementor-element-6ba4efc elementor-widget elementor-widget-bridge_icon_text\" data-id=\"6ba4efc\" data-element_type=\"widget\" data-e-type=\"widget\" data-widget_type=\"bridge_icon_text.default\">\n\t\t\t\t<div class=\"elementor-widget-container\">\n\t\t\t\t\t<div class='q_icon_with_title medium custom_icon_image '><div class=\"icon_holder \" style=\" \"><img decoding=\"async\" src=\"https:\/\/vidar.rs\/wp-content\/uploads\/2021\/11\/Favicon.png\" alt=\"\"><\/div><div class=\"icon_text_holder\" style=\"\"><div class=\"icon_text_inner\" style=\"\"><h6 class=\"icon_title\" style=\"\">Ihre Bed\u00fcrfnisse stehen an erster Stelle<\/h6><p style=''>Neben unserer erfolgreichen Arbeit auf dem Gebiet der augen\u00e4rztlichen Diagnostik f\u00fchren wir auch modernste chirurgische Eingriffe und Laserverfahren durch. Wir arbeiten als Team, mit absolutem Fokus auf die Bed\u00fcrfnisse unserer Patienten.<\/p><\/div><\/div><\/div>\t\t\t\t<\/div>\n\t\t\t\t<\/div>\n\t\t\t\t<div class=\"elementor-element elementor-element-81ba6be elementor-widget elementor-widget-bridge_icon_text\" data-id=\"81ba6be\" data-element_type=\"widget\" data-e-type=\"widget\" data-widget_type=\"bridge_icon_text.default\">\n\t\t\t\t<div class=\"elementor-widget-container\">\n\t\t\t\t\t<div class='q_icon_with_title medium custom_icon_image '><div class=\"icon_holder \" style=\" \"><img decoding=\"async\" src=\"https:\/\/vidar.rs\/wp-content\/uploads\/2021\/11\/Favicon.png\" alt=\"\"><\/div><div class=\"icon_text_holder\" style=\"\"><div class=\"icon_text_inner\" style=\"\"><h6 class=\"icon_title\" style=\"\">Gesundheitsversorgung von h\u00f6chster Qualit\u00e4t<\/h6><p style=''>Neben der reichen klinischen Erfahrung unserer Augen\u00e4rzte tr\u00e4gt die moderne Ausstattung der Klinik zu einer genauen Diagnostik, einer sicheren Behandlungsplanung und einer hochwertigen Betreuung jedes Patienten bei.<\/p><\/div><\/div><\/div>\t\t\t\t<\/div>\n\t\t\t\t<\/div>\n\t\t\t\t<div class=\"elementor-element elementor-element-505d6cc elementor-widget elementor-widget-bridge_icon_text\" data-id=\"505d6cc\" data-element_type=\"widget\" data-e-type=\"widget\" data-widget_type=\"bridge_icon_text.default\">\n\t\t\t\t<div class=\"elementor-widget-container\">\n\t\t\t\t\t<div class='q_icon_with_title medium custom_icon_image '><div class=\"icon_holder \" style=\" \"><img decoding=\"async\" src=\"https:\/\/vidar.rs\/wp-content\/uploads\/2021\/11\/Favicon.png\" alt=\"\"><\/div><div class=\"icon_text_holder\" style=\"\"><div class=\"icon_text_inner\" style=\"\"><h6 class=\"icon_title\" style=\"\">Wir wollen Ihre Erwartungen nicht erf\u00fcllen, wir wollen sie \u00fcbertreffen<\/h6><p style=''>Wir sind da, um Ihnen aufmerksam zuzuh\u00f6ren und das Problem anschlie\u00dfend auf die effizienteste und wirksamste Weise zu l\u00f6sen. Ihre Sicherheit und Ihre Zufriedenheit sind unsere absoluten Priorit\u00e4ten und unsere Antriebskraft.<\/p><\/div><\/div><\/div>\t\t\t\t<\/div>\n\t\t\t\t<\/div>\n\t\t\t\t\t<\/div>\n\t\t<\/div>\n\t\t\t\t\t<\/div>\n\t\t<\/section>\n\t\t\t\t\t<\/div>\n\t\t<\/div>\n\t\t\t\t\t<\/div>\n\t\t<\/section>\n\t\t\t\t<section style=\"background-image: url(https:\/\/vidar.rs\/wp-content\/uploads\/2024\/08\/Usluge-Foto2.jpg);\" class=\"parallax_section_holder elementor-section elementor-top-section elementor-element elementor-element-4b793e0 elementor-section-full_width parallax_section_holder elementor-section-height-default elementor-section-height-default qode_elementor_container_no\" data-speed=\"0\" data-id=\"4b793e0\" data-element_type=\"section\" data-e-type=\"section\" data-settings=\"{&quot;qode_parallax_image&quot;:{&quot;url&quot;:&quot;https:\\\/\\\/vidar.rs\\\/wp-content\\\/uploads\\\/2024\\\/08\\\/Usluge-Foto2.jpg&quot;,&quot;id&quot;:1622,&quot;size&quot;:&quot;&quot;,&quot;alt&quot;:&quot;&quot;,&quot;source&quot;:&quot;library&quot;}}\">\n\t\t\t\t\t\t<div class=\"elementor-container elementor-column-gap-default\">\n\t\t\t\t\t<div class=\"elementor-column elementor-col-100 elementor-top-column elementor-element elementor-element-ebcd626\" data-id=\"ebcd626\" data-element_type=\"column\" data-e-type=\"column\">\n\t\t\t<div class=\"elementor-widget-wrap elementor-element-populated\">\n\t\t\t\t\t\t<section class=\"elementor-section elementor-inner-section elementor-element elementor-element-50efe7e elementor-section-full_width qode_elementor_container_inner elementor-section-height-default elementor-section-height-default parallax_section_no\" data-id=\"50efe7e\" data-element_type=\"section\" data-e-type=\"section\">\n\t\t\t\t\t\t<div class=\"elementor-container elementor-column-gap-default\">\n\t\t\t\t\t<div class=\"elementor-column elementor-col-100 elementor-inner-column elementor-element elementor-element-b23cf21\" data-id=\"b23cf21\" data-element_type=\"column\" data-e-type=\"column\">\n\t\t\t<div class=\"elementor-widget-wrap elementor-element-populated\">\n\t\t\t\t\t\t<div class=\"elementor-element elementor-element-92ed16e elementor-widget elementor-widget-text-editor\" data-id=\"92ed16e\" data-element_type=\"widget\" data-e-type=\"widget\" data-widget_type=\"text-editor.default\">\n\t\t\t\t<div class=\"elementor-widget-container\">\n\t\t\t\t\t\t\t\t\t<div class=\"wpb_text_column wpb_content_element \">\n<div class=\"wpb_wrapper\">\n<h3><span style=\"color: #ffffff;\">Ihr sch\u00f6nerer Blick auf die Welt ist unsere Aufgabe<\/span><\/h3>\n<\/div>\n<\/div>\t\t\t\t\t\t\t\t<\/div>\n\t\t\t\t<\/div>\n\t\t\t\t<div class=\"elementor-element elementor-element-f058e1a elementor-widget elementor-widget-text-editor\" data-id=\"f058e1a\" data-element_type=\"widget\" data-e-type=\"widget\" data-widget_type=\"text-editor.default\">\n\t\t\t\t<div class=\"elementor-widget-container\">\n\t\t\t\t\t\t\t\t\t<span style=\"color: #ffffff;\">Unser Fach\u00e4rzteteam und unsere Berater aus dem In- und Ausland bieten Ihnen Leistungen nach h\u00f6chsten fachlichen Standards und guter klinischer Praxis.\nDamit Sie die Welt um sich herum klarer und sch\u00f6ner sehen, vereinbaren Sie Ihren Termin und besuchen Sie uns.\n<\/span>\t\t\t\t\t\t\t\t<\/div>\n\t\t\t\t<\/div>\n\t\t\t\t\t<\/div>\n\t\t<\/div>\n\t\t\t\t\t<\/div>\n\t\t<\/section>\n\t\t\t\t\t<\/div>\n\t\t<\/div>\n\t\t\t\t\t<\/div>\n\t\t<\/section>\n\t\t\t\t<section class=\"elementor-section elementor-top-section elementor-element elementor-element-a1b2c3d elementor-section-boxed elementor-section-height-default elementor-section-height-default parallax_section_no qode_elementor_container_no\" data-id=\"a1b2c3d\" data-element_type=\"section\" data-e-type=\"section\">\n\t\t\t\t\t\t<div class=\"elementor-container elementor-column-gap-default\">\n\t\t\t\t\t<div class=\"elementor-column elementor-col-100 elementor-top-column elementor-element elementor-element-b1c2d3e\" data-id=\"b1c2d3e\" data-element_type=\"column\" data-e-type=\"column\">\n\t\t\t<div class=\"elementor-widget-wrap elementor-element-populated\">\n\t\t\t\t\t\t<div class=\"elementor-element elementor-element-c1d2e3f elementor-widget elementor-widget-shortcode\" data-id=\"c1d2e3f\" data-element_type=\"widget\" data-e-type=\"widget\" data-widget_type=\"shortcode.default\">\n\t\t\t\t<div class=\"elementor-widget-container\">\n\t\t\t\t\t\t\t<div class=\"elementor-shortcode\"><section class=\"vidar-home-team\" aria-labelledby=\"vidar-home-team-title\">\n      <div class=\"vidar-home-team__inner\">\n        <header class=\"vidar-home-team__header\">\n          <p class=\"vidar-home-team__eyebrow\">Unser Expertenteam<\/p>\n          <h2 id=\"vidar-home-team-title\">Menschen, denen Sie Ihr Sehverm\u00f6gen anvertrauen<\/h2>\n          <p class=\"vidar-home-team__lead\">Lernen Sie unsere Augen\u00e4rztinnen, Augen\u00e4rzte, unseren Optometristen und das medizinische Team kennen. Sie verbinden Erfahrung, moderne Diagnostik und individuelle Betreuung.<\/p>\n        <\/header>\n        <div class=\"vidar-home-team__grid\">\n                  <article class=\"vidar-home-team__card\">\n            <a class=\"vidar-home-team__link\" href=\"https:\/\/vidar.rs\/de\/unser-team\/prof-dr-mirko-resan-de\/\" aria-label=\"Biografie: Prof. dr Mirko Resan\">\n              <span class=\"vidar-home-team__photo\">\n              <img loading=\"lazy\" width=\"682\" height=\"1024\" src=\"https:\/\/vidar.rs\/wp-content\/uploads\/2026\/08\/team-v2\/prof-dr-mirko-resan-oftalmolog-specijalista-682x1024.webp\" class=\"vidar-home-team__image\" alt=\"Prof. dr Mirko Resan\" loading=\"lazy\" decoding=\"async\" srcset=\"https:\/\/vidar.rs\/wp-content\/uploads\/2026\/08\/team-v2\/prof-dr-mirko-resan-oftalmolog-specijalista-682x1024.webp 682w, https:\/\/vidar.rs\/wp-content\/uploads\/2026\/08\/team-v2\/prof-dr-mirko-resan-oftalmolog-specijalista-200x300.webp 200w, https:\/\/vidar.rs\/wp-content\/uploads\/2026\/08\/team-v2\/prof-dr-mirko-resan-oftalmolog-specijalista-768x1154.webp 768w, https:\/\/vidar.rs\/wp-content\/uploads\/2026\/08\/team-v2\/prof-dr-mirko-resan-oftalmolog-specijalista-700x1052.webp 700w, https:\/\/vidar.rs\/wp-content\/uploads\/2026\/08\/team-v2\/prof-dr-mirko-resan-oftalmolog-specijalista.webp 1023w\" sizes=\"auto, (max-width: 682px) 100vw, 682px\" \/>              <\/span>\n              <span class=\"vidar-home-team__body\">\n                <span class=\"vidar-home-team__name\">Prof. dr Mirko Resan<\/span>\n                <span class=\"vidar-home-team__specialty\">Klinikdirektor. Facharzt f\u00fcr Augenheilkunde und Professor mit Schwerpunkten in Kataraktchirurgie, refraktiver Laserchirurgie und Hornhautchirurgie.<\/span>\n                <span class=\"vidar-home-team__profile\">Biografie ansehen <span aria-hidden=\"true\">\u2192<\/span><\/span>              <\/span>\n            <\/a>\n          <\/article>\n                  <article class=\"vidar-home-team__card\">\n            <a class=\"vidar-home-team__link\" href=\"https:\/\/vidar.rs\/de\/unser-team\/prof-dr-bojan-pajic-de\/\" aria-label=\"Biografie: Prof. dr Bojan Paji\u0107\">\n              <span class=\"vidar-home-team__photo\">\n              <img loading=\"lazy\" width=\"682\" height=\"1024\" src=\"https:\/\/vidar.rs\/wp-content\/uploads\/2026\/08\/team-v2\/prof-dr-bojan-pajic-oftalmolog-specijalista-682x1024.webp\" class=\"vidar-home-team__image\" alt=\"Prof. dr Bojan Paji\u0107\" loading=\"lazy\" decoding=\"async\" srcset=\"https:\/\/vidar.rs\/wp-content\/uploads\/2026\/08\/team-v2\/prof-dr-bojan-pajic-oftalmolog-specijalista-682x1024.webp 682w, https:\/\/vidar.rs\/wp-content\/uploads\/2026\/08\/team-v2\/prof-dr-bojan-pajic-oftalmolog-specijalista-200x300.webp 200w, https:\/\/vidar.rs\/wp-content\/uploads\/2026\/08\/team-v2\/prof-dr-bojan-pajic-oftalmolog-specijalista-768x1154.webp 768w, https:\/\/vidar.rs\/wp-content\/uploads\/2026\/08\/team-v2\/prof-dr-bojan-pajic-oftalmolog-specijalista-700x1052.webp 700w, https:\/\/vidar.rs\/wp-content\/uploads\/2026\/08\/team-v2\/prof-dr-bojan-pajic-oftalmolog-specijalista.webp 1023w\" sizes=\"auto, (max-width: 682px) 100vw, 682px\" \/>              <\/span>\n              <span class=\"vidar-home-team__body\">\n                <span class=\"vidar-home-team__name\">Prof. dr Bojan Paji\u0107<\/span>\n                <span class=\"vidar-home-team__specialty\">Facharzt f\u00fcr Augenheilkunde und Professor mit T\u00e4tigkeitsschwerpunkten in der Kataraktchirurgie, refraktiven Chirurgie, Hornhautchirurgie und Glaukombehandlung.<\/span>\n                <span class=\"vidar-home-team__profile\">Biografie ansehen <span aria-hidden=\"true\">\u2192<\/span><\/span>              <\/span>\n            <\/a>\n          <\/article>\n                  <article class=\"vidar-home-team__card\">\n            <a class=\"vidar-home-team__link\" href=\"https:\/\/vidar.rs\/de\/unser-team\/prof-dr-vladimir-canadanovic-de\/\" aria-label=\"Biografie: Prof. dr Vladimir \u010canadanovi\u0107\">\n              <span class=\"vidar-home-team__photo\">\n              <img loading=\"lazy\" width=\"682\" height=\"1024\" src=\"https:\/\/vidar.rs\/wp-content\/uploads\/2026\/08\/team-v2\/prof-dr-vladimir-canadanovic-oftalmolog-specijalista-682x1024.webp\" class=\"vidar-home-team__image\" alt=\"Prof. dr Vladimir \u010canadanovi\u0107\" loading=\"lazy\" decoding=\"async\" srcset=\"https:\/\/vidar.rs\/wp-content\/uploads\/2026\/08\/team-v2\/prof-dr-vladimir-canadanovic-oftalmolog-specijalista-682x1024.webp 682w, https:\/\/vidar.rs\/wp-content\/uploads\/2026\/08\/team-v2\/prof-dr-vladimir-canadanovic-oftalmolog-specijalista-200x300.webp 200w, https:\/\/vidar.rs\/wp-content\/uploads\/2026\/08\/team-v2\/prof-dr-vladimir-canadanovic-oftalmolog-specijalista-768x1154.webp 768w, https:\/\/vidar.rs\/wp-content\/uploads\/2026\/08\/team-v2\/prof-dr-vladimir-canadanovic-oftalmolog-specijalista-700x1052.webp 700w, https:\/\/vidar.rs\/wp-content\/uploads\/2026\/08\/team-v2\/prof-dr-vladimir-canadanovic-oftalmolog-specijalista.webp 1023w\" sizes=\"auto, (max-width: 682px) 100vw, 682px\" \/>              <\/span>\n              <span class=\"vidar-home-team__body\">\n                <span class=\"vidar-home-team__name\">Prof. dr Vladimir \u010canadanovi\u0107<\/span>\n                <span class=\"vidar-home-team__specialty\">Katarakt und Kinderophthalmologie<\/span>\n                <span class=\"vidar-home-team__profile\">Biografie ansehen <span aria-hidden=\"true\">\u2192<\/span><\/span>              <\/span>\n            <\/a>\n          <\/article>\n                  <article class=\"vidar-home-team__card\">\n            <a class=\"vidar-home-team__link\" href=\"https:\/\/vidar.rs\/de\/unser-team\/prof-dr-sofija-davidovic-terzic-de\/\" aria-label=\"Biografie: Prof. dr Sofija Davidovi\u0107 Terzi\u0107\">\n              <span class=\"vidar-home-team__photo\">\n              <img loading=\"lazy\" width=\"682\" height=\"1024\" src=\"https:\/\/vidar.rs\/wp-content\/uploads\/2026\/08\/team-v2\/prof-dr-sofija-davidovic-terzic-oftalmolog-specijalista-682x1024.webp\" class=\"vidar-home-team__image\" alt=\"Prof. dr Sofija Davidovi\u0107 Terzi\u0107\" loading=\"lazy\" decoding=\"async\" srcset=\"https:\/\/vidar.rs\/wp-content\/uploads\/2026\/08\/team-v2\/prof-dr-sofija-davidovic-terzic-oftalmolog-specijalista-682x1024.webp 682w, https:\/\/vidar.rs\/wp-content\/uploads\/2026\/08\/team-v2\/prof-dr-sofija-davidovic-terzic-oftalmolog-specijalista-200x300.webp 200w, https:\/\/vidar.rs\/wp-content\/uploads\/2026\/08\/team-v2\/prof-dr-sofija-davidovic-terzic-oftalmolog-specijalista-768x1154.webp 768w, https:\/\/vidar.rs\/wp-content\/uploads\/2026\/08\/team-v2\/prof-dr-sofija-davidovic-terzic-oftalmolog-specijalista-700x1052.webp 700w, https:\/\/vidar.rs\/wp-content\/uploads\/2026\/08\/team-v2\/prof-dr-sofija-davidovic-terzic-oftalmolog-specijalista.webp 1023w\" sizes=\"auto, (max-width: 682px) 100vw, 682px\" \/>              <\/span>\n              <span class=\"vidar-home-team__body\">\n                <span class=\"vidar-home-team__name\">Prof. dr Sofija Davidovi\u0107 Terzi\u0107<\/span>\n                <span class=\"vidar-home-team__specialty\">Netzhaut und vitreoretinale Chirurgie<\/span>\n                <span class=\"vidar-home-team__profile\">Biografie ansehen <span aria-hidden=\"true\">\u2192<\/span><\/span>              <\/span>\n            <\/a>\n          <\/article>\n                  <article class=\"vidar-home-team__card\">\n            <a class=\"vidar-home-team__link\" href=\"https:\/\/vidar.rs\/de\/unser-team\/dr-veljko-andreic-de\/\" aria-label=\"Biografie: Dr sc. med. Veljko Andrei\u0107\">\n              <span class=\"vidar-home-team__photo\">\n              <img loading=\"lazy\" width=\"682\" height=\"1024\" src=\"https:\/\/vidar.rs\/wp-content\/uploads\/2026\/08\/team-v2\/dr-sc-med-veljko-andreic-oftalmolog-specijalista-682x1024.webp\" class=\"vidar-home-team__image\" alt=\"Dr sc. med. Veljko Andrei\u0107\" loading=\"lazy\" decoding=\"async\" srcset=\"https:\/\/vidar.rs\/wp-content\/uploads\/2026\/08\/team-v2\/dr-sc-med-veljko-andreic-oftalmolog-specijalista-682x1024.webp 682w, https:\/\/vidar.rs\/wp-content\/uploads\/2026\/08\/team-v2\/dr-sc-med-veljko-andreic-oftalmolog-specijalista-200x300.webp 200w, https:\/\/vidar.rs\/wp-content\/uploads\/2026\/08\/team-v2\/dr-sc-med-veljko-andreic-oftalmolog-specijalista-768x1154.webp 768w, https:\/\/vidar.rs\/wp-content\/uploads\/2026\/08\/team-v2\/dr-sc-med-veljko-andreic-oftalmolog-specijalista-700x1052.webp 700w, https:\/\/vidar.rs\/wp-content\/uploads\/2026\/08\/team-v2\/dr-sc-med-veljko-andreic-oftalmolog-specijalista.webp 1023w\" sizes=\"auto, (max-width: 682px) 100vw, 682px\" \/>              <\/span>\n              <span class=\"vidar-home-team__body\">\n                <span class=\"vidar-home-team__name\">Dr sc. med. Veljko Andrei\u0107<\/span>\n                <span class=\"vidar-home-team__specialty\">Glaukom und Kataraktchirurgie<\/span>\n                <span class=\"vidar-home-team__profile\">Biografie ansehen <span aria-hidden=\"true\">\u2192<\/span><\/span>              <\/span>\n            <\/a>\n          <\/article>\n                  <article class=\"vidar-home-team__card\">\n            <a class=\"vidar-home-team__link\" href=\"https:\/\/vidar.rs\/de\/unser-team\/dr-sava-barisic-de\/\" aria-label=\"Biografie: Dr sc. med. Sava Bari\u0161i\u0107\">\n              <span class=\"vidar-home-team__photo\">\n              <img loading=\"lazy\" width=\"682\" height=\"1024\" src=\"https:\/\/vidar.rs\/wp-content\/uploads\/2026\/08\/team-v2\/dr-sc-med-sava-barisic-oftalmolog-specijalista-682x1024.webp\" class=\"vidar-home-team__image\" alt=\"Dr sc. med. Sava Bari\u0161i\u0107\" loading=\"lazy\" decoding=\"async\" srcset=\"https:\/\/vidar.rs\/wp-content\/uploads\/2026\/08\/team-v2\/dr-sc-med-sava-barisic-oftalmolog-specijalista-682x1024.webp 682w, https:\/\/vidar.rs\/wp-content\/uploads\/2026\/08\/team-v2\/dr-sc-med-sava-barisic-oftalmolog-specijalista-200x300.webp 200w, https:\/\/vidar.rs\/wp-content\/uploads\/2026\/08\/team-v2\/dr-sc-med-sava-barisic-oftalmolog-specijalista-768x1154.webp 768w, https:\/\/vidar.rs\/wp-content\/uploads\/2026\/08\/team-v2\/dr-sc-med-sava-barisic-oftalmolog-specijalista-700x1052.webp 700w, https:\/\/vidar.rs\/wp-content\/uploads\/2026\/08\/team-v2\/dr-sc-med-sava-barisic-oftalmolog-specijalista.webp 1023w\" sizes=\"auto, (max-width: 682px) 100vw, 682px\" \/>              <\/span>\n              <span class=\"vidar-home-team__body\">\n                <span class=\"vidar-home-team__name\">Dr sc. med. Sava Bari\u0161i\u0107<\/span>\n                <span class=\"vidar-home-team__specialty\">Augenheilkunde und Kataraktchirurgie<\/span>\n                <span class=\"vidar-home-team__profile\">Biografie ansehen <span aria-hidden=\"true\">\u2192<\/span><\/span>              <\/span>\n            <\/a>\n          <\/article>\n                  <article class=\"vidar-home-team__card\">\n            <a class=\"vidar-home-team__link\" href=\"https:\/\/vidar.rs\/de\/unser-team\/dr-gordana-dejanovic-de\/\" aria-label=\"Biografie: Dr Gordana Dejanovi\u0107\">\n              <span class=\"vidar-home-team__photo\">\n              <img loading=\"lazy\" width=\"800\" height=\"1024\" src=\"https:\/\/vidar.rs\/wp-content\/uploads\/2026\/08\/team-v2\/dr-gordana-dejanovic-oftalmolog-specijalista-800x1024.webp\" class=\"vidar-home-team__image\" alt=\"Dr Gordana Dejanovi\u0107\" loading=\"lazy\" decoding=\"async\" srcset=\"https:\/\/vidar.rs\/wp-content\/uploads\/2026\/08\/team-v2\/dr-gordana-dejanovic-oftalmolog-specijalista-800x1024.webp 800w, https:\/\/vidar.rs\/wp-content\/uploads\/2026\/08\/team-v2\/dr-gordana-dejanovic-oftalmolog-specijalista-234x300.webp 234w, https:\/\/vidar.rs\/wp-content\/uploads\/2026\/08\/team-v2\/dr-gordana-dejanovic-oftalmolog-specijalista-768x984.webp 768w, https:\/\/vidar.rs\/wp-content\/uploads\/2026\/08\/team-v2\/dr-gordana-dejanovic-oftalmolog-specijalista-700x896.webp 700w, https:\/\/vidar.rs\/wp-content\/uploads\/2026\/08\/team-v2\/dr-gordana-dejanovic-oftalmolog-specijalista.webp 1108w\" sizes=\"auto, (max-width: 800px) 100vw, 800px\" \/>              <\/span>\n              <span class=\"vidar-home-team__body\">\n                <span class=\"vidar-home-team__name\">Dr Gordana Dejanovi\u0107<\/span>\n                <span class=\"vidar-home-team__specialty\">Allgemeine Augenheilkunde, Katarakt und refraktive Chirurgie<\/span>\n                <span class=\"vidar-home-team__profile\">Biografie ansehen <span aria-hidden=\"true\">\u2192<\/span><\/span>              <\/span>\n            <\/a>\n          <\/article>\n                  <article class=\"vidar-home-team__card\">\n            <a class=\"vidar-home-team__link\" href=\"https:\/\/vidar.rs\/de\/unser-team\/joerg-mueller-de\/\" aria-label=\"Biografie: J\u00f6rg M\u00fcller\">\n              <span class=\"vidar-home-team__photo\">\n              <img loading=\"lazy\" width=\"682\" height=\"1024\" src=\"https:\/\/vidar.rs\/wp-content\/uploads\/2026\/08\/team-v2\/jorg-muller-optometrista-682x1024.webp\" class=\"vidar-home-team__image\" alt=\"J\u00f6rg M\u00fcller\" loading=\"lazy\" decoding=\"async\" srcset=\"https:\/\/vidar.rs\/wp-content\/uploads\/2026\/08\/team-v2\/jorg-muller-optometrista-682x1024.webp 682w, https:\/\/vidar.rs\/wp-content\/uploads\/2026\/08\/team-v2\/jorg-muller-optometrista-200x300.webp 200w, https:\/\/vidar.rs\/wp-content\/uploads\/2026\/08\/team-v2\/jorg-muller-optometrista-768x1154.webp 768w, https:\/\/vidar.rs\/wp-content\/uploads\/2026\/08\/team-v2\/jorg-muller-optometrista-700x1052.webp 700w, https:\/\/vidar.rs\/wp-content\/uploads\/2026\/08\/team-v2\/jorg-muller-optometrista.webp 1023w\" sizes=\"auto, (max-width: 682px) 100vw, 682px\" \/>              <\/span>\n              <span class=\"vidar-home-team__body\">\n                <span class=\"vidar-home-team__name\">J\u00f6rg M\u00fcller<\/span>\n                <span class=\"vidar-home-team__specialty\">Optometrist<\/span>\n                <span class=\"vidar-home-team__profile\">Biografie ansehen <span aria-hidden=\"true\">\u2192<\/span><\/span>              <\/span>\n            <\/a>\n          <\/article>\n                  <article class=\"vidar-home-team__card vidar-home-team__card--staff\">\n            <div class=\"vidar-home-team__link\">\n              <span class=\"vidar-home-team__photo\">\n              <img loading=\"lazy\" width=\"682\" height=\"1024\" src=\"https:\/\/vidar.rs\/wp-content\/uploads\/2026\/08\/team-v2\/dragana-bozovic-pomocnik-direktora-682x1024.webp\" class=\"vidar-home-team__image\" alt=\"Dragana Bo\u017eovi\u0107\" loading=\"lazy\" decoding=\"async\" srcset=\"https:\/\/vidar.rs\/wp-content\/uploads\/2026\/08\/team-v2\/dragana-bozovic-pomocnik-direktora-682x1024.webp 682w, https:\/\/vidar.rs\/wp-content\/uploads\/2026\/08\/team-v2\/dragana-bozovic-pomocnik-direktora-200x300.webp 200w, https:\/\/vidar.rs\/wp-content\/uploads\/2026\/08\/team-v2\/dragana-bozovic-pomocnik-direktora-768x1154.webp 768w, https:\/\/vidar.rs\/wp-content\/uploads\/2026\/08\/team-v2\/dragana-bozovic-pomocnik-direktora-700x1052.webp 700w, https:\/\/vidar.rs\/wp-content\/uploads\/2026\/08\/team-v2\/dragana-bozovic-pomocnik-direktora.webp 1023w\" sizes=\"auto, (max-width: 682px) 100vw, 682px\" \/>              <\/span>\n              <span class=\"vidar-home-team__body\">\n                <span class=\"vidar-home-team__name\">Dragana Bo\u017eovi\u0107<\/span>\n                <span class=\"vidar-home-team__specialty\">Stellvertretende Klinikleitung<\/span>\n                              <\/span>\n            <\/div>\n          <\/article>\n                  <article class=\"vidar-home-team__card vidar-home-team__card--staff\">\n            <div class=\"vidar-home-team__link\">\n              <span class=\"vidar-home-team__photo\">\n              <img loading=\"lazy\" width=\"682\" height=\"1024\" src=\"https:\/\/vidar.rs\/wp-content\/uploads\/2026\/08\/team-v2\/cvetana-jeftic-krstin-glavna-medicinska-sestra-682x1024.webp\" class=\"vidar-home-team__image\" alt=\"Cvetana Jefti\u0107 Krstin\" loading=\"lazy\" decoding=\"async\" srcset=\"https:\/\/vidar.rs\/wp-content\/uploads\/2026\/08\/team-v2\/cvetana-jeftic-krstin-glavna-medicinska-sestra-682x1024.webp 682w, https:\/\/vidar.rs\/wp-content\/uploads\/2026\/08\/team-v2\/cvetana-jeftic-krstin-glavna-medicinska-sestra-200x300.webp 200w, https:\/\/vidar.rs\/wp-content\/uploads\/2026\/08\/team-v2\/cvetana-jeftic-krstin-glavna-medicinska-sestra-768x1154.webp 768w, https:\/\/vidar.rs\/wp-content\/uploads\/2026\/08\/team-v2\/cvetana-jeftic-krstin-glavna-medicinska-sestra-700x1052.webp 700w, https:\/\/vidar.rs\/wp-content\/uploads\/2026\/08\/team-v2\/cvetana-jeftic-krstin-glavna-medicinska-sestra.webp 1023w\" sizes=\"auto, (max-width: 682px) 100vw, 682px\" \/>              <\/span>\n              <span class=\"vidar-home-team__body\">\n                <span class=\"vidar-home-team__name\">Cvetana Jefti\u0107 Krstin<\/span>\n                <span class=\"vidar-home-team__specialty\">Leitende Pflegefachkraft<\/span>\n                              <\/span>\n            <\/div>\n          <\/article>\n                  <article class=\"vidar-home-team__card vidar-home-team__card--staff\">\n            <div class=\"vidar-home-team__link\">\n              <span class=\"vidar-home-team__photo\">\n              <img loading=\"lazy\" width=\"682\" height=\"1024\" src=\"https:\/\/vidar.rs\/wp-content\/uploads\/2026\/08\/team-v2\/sabina-miajlovic-medicinska-sestra-682x1024.webp\" class=\"vidar-home-team__image\" alt=\"Sabina Miajlovi\u0107\" loading=\"lazy\" decoding=\"async\" srcset=\"https:\/\/vidar.rs\/wp-content\/uploads\/2026\/08\/team-v2\/sabina-miajlovic-medicinska-sestra-682x1024.webp 682w, https:\/\/vidar.rs\/wp-content\/uploads\/2026\/08\/team-v2\/sabina-miajlovic-medicinska-sestra-200x300.webp 200w, https:\/\/vidar.rs\/wp-content\/uploads\/2026\/08\/team-v2\/sabina-miajlovic-medicinska-sestra-768x1154.webp 768w, https:\/\/vidar.rs\/wp-content\/uploads\/2026\/08\/team-v2\/sabina-miajlovic-medicinska-sestra-700x1052.webp 700w, https:\/\/vidar.rs\/wp-content\/uploads\/2026\/08\/team-v2\/sabina-miajlovic-medicinska-sestra.webp 1023w\" sizes=\"auto, (max-width: 682px) 100vw, 682px\" \/>              <\/span>\n              <span class=\"vidar-home-team__body\">\n                <span class=\"vidar-home-team__name\">Sabina Miajlovi\u0107<\/span>\n                <span class=\"vidar-home-team__specialty\">Pflegefachkraft<\/span>\n                              <\/span>\n            <\/div>\n          <\/article>\n                  <article class=\"vidar-home-team__card vidar-home-team__card--staff\">\n            <div class=\"vidar-home-team__link\">\n              <span class=\"vidar-home-team__photo\">\n              <img loading=\"lazy\" width=\"682\" height=\"1024\" src=\"https:\/\/vidar.rs\/wp-content\/uploads\/2026\/08\/team-v2\/katarina-jovic-medicinska-sestra-682x1024.webp\" class=\"vidar-home-team__image\" alt=\"Katarina Jovi\u0107\" loading=\"lazy\" decoding=\"async\" srcset=\"https:\/\/vidar.rs\/wp-content\/uploads\/2026\/08\/team-v2\/katarina-jovic-medicinska-sestra-682x1024.webp 682w, https:\/\/vidar.rs\/wp-content\/uploads\/2026\/08\/team-v2\/katarina-jovic-medicinska-sestra-200x300.webp 200w, https:\/\/vidar.rs\/wp-content\/uploads\/2026\/08\/team-v2\/katarina-jovic-medicinska-sestra-768x1154.webp 768w, https:\/\/vidar.rs\/wp-content\/uploads\/2026\/08\/team-v2\/katarina-jovic-medicinska-sestra-700x1052.webp 700w, https:\/\/vidar.rs\/wp-content\/uploads\/2026\/08\/team-v2\/katarina-jovic-medicinska-sestra.webp 1023w\" sizes=\"auto, (max-width: 682px) 100vw, 682px\" \/>              <\/span>\n              <span class=\"vidar-home-team__body\">\n                <span class=\"vidar-home-team__name\">Katarina Jovi\u0107<\/span>\n                <span class=\"vidar-home-team__specialty\">Pflegefachkraft<\/span>\n                              <\/span>\n            <\/div>\n          <\/article>\n                  <article class=\"vidar-home-team__card vidar-home-team__card--staff\">\n            <div class=\"vidar-home-team__link\">\n              <span class=\"vidar-home-team__photo\">\n              <img loading=\"lazy\" width=\"682\" height=\"1024\" src=\"https:\/\/vidar.rs\/wp-content\/uploads\/2026\/08\/team-v2\/jovana-hajduk-medicinska-sestra-682x1024.webp\" class=\"vidar-home-team__image\" alt=\"Jovana Hajduk\" loading=\"lazy\" decoding=\"async\" srcset=\"https:\/\/vidar.rs\/wp-content\/uploads\/2026\/08\/team-v2\/jovana-hajduk-medicinska-sestra-682x1024.webp 682w, https:\/\/vidar.rs\/wp-content\/uploads\/2026\/08\/team-v2\/jovana-hajduk-medicinska-sestra-200x300.webp 200w, https:\/\/vidar.rs\/wp-content\/uploads\/2026\/08\/team-v2\/jovana-hajduk-medicinska-sestra-768x1154.webp 768w, https:\/\/vidar.rs\/wp-content\/uploads\/2026\/08\/team-v2\/jovana-hajduk-medicinska-sestra-700x1052.webp 700w, https:\/\/vidar.rs\/wp-content\/uploads\/2026\/08\/team-v2\/jovana-hajduk-medicinska-sestra.webp 1023w\" sizes=\"auto, (max-width: 682px) 100vw, 682px\" \/>              <\/span>\n              <span class=\"vidar-home-team__body\">\n                <span class=\"vidar-home-team__name\">Jovana Hajduk<\/span>\n                <span class=\"vidar-home-team__specialty\">Pflegefachkraft<\/span>\n                              <\/span>\n            <\/div>\n          <\/article>\n                  <article class=\"vidar-home-team__card vidar-home-team__card--staff\">\n            <div class=\"vidar-home-team__link\">\n              <span class=\"vidar-home-team__photo\">\n              <img loading=\"lazy\" width=\"682\" height=\"1024\" src=\"https:\/\/vidar.rs\/wp-content\/uploads\/2026\/08\/team-v2\/zorana-obrenov-medicinska-sestra-682x1024.webp\" class=\"vidar-home-team__image\" alt=\"Zorana Obrenov\" loading=\"lazy\" decoding=\"async\" srcset=\"https:\/\/vidar.rs\/wp-content\/uploads\/2026\/08\/team-v2\/zorana-obrenov-medicinska-sestra-682x1024.webp 682w, https:\/\/vidar.rs\/wp-content\/uploads\/2026\/08\/team-v2\/zorana-obrenov-medicinska-sestra-200x300.webp 200w, https:\/\/vidar.rs\/wp-content\/uploads\/2026\/08\/team-v2\/zorana-obrenov-medicinska-sestra-768x1154.webp 768w, https:\/\/vidar.rs\/wp-content\/uploads\/2026\/08\/team-v2\/zorana-obrenov-medicinska-sestra-700x1052.webp 700w, https:\/\/vidar.rs\/wp-content\/uploads\/2026\/08\/team-v2\/zorana-obrenov-medicinska-sestra.webp 1023w\" sizes=\"auto, (max-width: 682px) 100vw, 682px\" \/>              <\/span>\n              <span class=\"vidar-home-team__body\">\n                <span class=\"vidar-home-team__name\">Zorana Obrenov<\/span>\n                <span class=\"vidar-home-team__specialty\">Pflegefachkraft<\/span>\n                              <\/span>\n            <\/div>\n          <\/article>\n                <\/div>\n        <div class=\"vidar-home-team__footer\">\n          <a class=\"vidar-home-team__all\" href=\"https:\/\/vidar.rs\/de\/unser-team\/\">Das gesamte Team kennenlernen <span aria-hidden=\"true\">\u2192<\/span><\/a>\n        <\/div>\n      <\/div>\n    <\/section><\/div>\n\t\t\t\t\t\t<\/div>\n\t\t\t\t<\/div>\n\t\t\t\t\t<\/div>\n\t\t<\/div>\n\t\t\t\t\t<\/div>\n\t\t<\/section>\n\t\t\t\t<section class=\"elementor-section elementor-top-section elementor-element elementor-element-vidmed1990 vidar-media-section elementor-section-boxed elementor-section-height-default elementor-section-height-default parallax_section_no qode_elementor_container_no\" data-id=\"vidmed1990\" data-element_type=\"section\" data-e-type=\"section\">\n\t\t\t\t\t\t<div class=\"elementor-container elementor-column-gap-default\">\n\t\t\t\t\t<div class=\"elementor-column elementor-col-100 elementor-top-column elementor-element elementor-element-vidmed02\" data-id=\"vidmed02\" data-element_type=\"column\" data-e-type=\"column\">\n\t\t\t<div class=\"elementor-widget-wrap elementor-element-populated\">\n\t\t\t\t\t\t<div class=\"elementor-element elementor-element-vidmed03 elementor-widget elementor-widget-heading\" data-id=\"vidmed03\" data-element_type=\"widget\" data-e-type=\"widget\" data-widget_type=\"heading.default\">\n\t\t\t\t<div class=\"elementor-widget-container\">\n\t\t\t\t\t<h2 class=\"elementor-heading-title elementor-size-default\">VIDAR-ORASIS SWISS IN DEN MEDIEN<\/h2>\t\t\t\t<\/div>\n\t\t\t\t<\/div>\n\t\t\t\t\t<\/div>\n\t\t<\/div>\n\t\t\t\t\t<\/div>\n\t\t<\/section>\n\t\t\t\t<section class=\"elementor-section elementor-top-section elementor-element elementor-element-ec6b201 elementor-section-boxed elementor-section-height-default elementor-section-height-default parallax_section_no qode_elementor_container_no\" data-id=\"ec6b201\" data-element_type=\"section\" data-e-type=\"section\">\n\t\t\t\t\t\t<div class=\"elementor-container elementor-column-gap-default\">\n\t\t\t\t\t<div class=\"elementor-column elementor-col-50 elementor-top-column elementor-element elementor-element-c794e89\" data-id=\"c794e89\" data-element_type=\"column\" data-e-type=\"column\">\n\t\t\t<div class=\"elementor-widget-wrap elementor-element-populated\">\n\t\t\t\t\t\t<div class=\"elementor-element elementor-element-ee68d42 elementor-widget elementor-widget-heading\" data-id=\"ee68d42\" data-element_type=\"widget\" data-e-type=\"widget\" data-widget_type=\"heading.default\">\n\t\t\t\t<div class=\"elementor-widget-container\">\n\t\t\t\t\t<p class=\"elementor-heading-title elementor-size-default\">KORREKTUR DER SEHKRAFT IN DER N\u00c4HE UND IN DER FERNE (die Supracor-Methode)\nMehr dazu in der RTS-Sendung \u201eWissenschaft in Bewegung: Innovationen in der refraktiven Chirurgie\u201c<\/p>\t\t\t\t<\/div>\n\t\t\t\t<\/div>\n\t\t\t\t<div class=\"elementor-element elementor-element-60afb8e elementor-widget elementor-widget-video\" data-id=\"60afb8e\" data-element_type=\"widget\" data-e-type=\"widget\" data-settings=\"{&quot;youtube_url&quot;:&quot;https:\\\/\\\/www.youtube.com\\\/watch?v=aonr9OWfAqU&amp;ab_channel=RTSObrazovno-nau%C4%8Dniprogram-Zvani%C4%8Dnikanal&quot;,&quot;lazy_load&quot;:&quot;yes&quot;,&quot;video_type&quot;:&quot;youtube&quot;,&quot;controls&quot;:&quot;yes&quot;}\" data-widget_type=\"video.default\">\n\t\t\t\t<div class=\"elementor-widget-container\">\n\t\t\t\t\t\t\t<div class=\"elementor-wrapper elementor-open-inline\">\n\t\t\t<div class=\"elementor-video\"><\/div>\t\t<\/div>\n\t\t\t\t\t\t<\/div>\n\t\t\t\t<\/div>\n\t\t\t\t\t<\/div>\n\t\t<\/div>\n\t\t\t\t<div class=\"elementor-column elementor-col-50 elementor-top-column elementor-element elementor-element-1b8a4be\" data-id=\"1b8a4be\" data-element_type=\"column\" data-e-type=\"column\">\n\t\t\t<div class=\"elementor-widget-wrap elementor-element-populated\">\n\t\t\t\t\t\t<div class=\"elementor-element elementor-element-b8c8ef0 elementor-widget elementor-widget-heading\" data-id=\"b8c8ef0\" data-element_type=\"widget\" data-e-type=\"widget\" data-widget_type=\"heading.default\">\n\t\t\t\t<div class=\"elementor-widget-container\">\n\t\t\t\t\t<p class=\"elementor-heading-title elementor-size-default\">Professor Dr. Bojan Paji\u0107 spricht in der Sendung \u201eWissenschaft in Bewegung: visuelles Verhalten\u201c \u00fcber neue Entwicklungen in der Augenheilkunde.<\/p>\t\t\t\t<\/div>\n\t\t\t\t<\/div>\n\t\t\t\t<div class=\"elementor-element elementor-element-8691e04 elementor-widget elementor-widget-video\" data-id=\"8691e04\" data-element_type=\"widget\" data-e-type=\"widget\" data-settings=\"{&quot;youtube_url&quot;:&quot;https:\\\/\\\/www.youtube.com\\\/watch?v=yiP9Y4oV9is&quot;,&quot;lazy_load&quot;:&quot;yes&quot;,&quot;video_type&quot;:&quot;youtube&quot;,&quot;controls&quot;:&quot;yes&quot;}\" data-widget_type=\"video.default\">\n\t\t\t\t<div class=\"elementor-widget-container\">\n\t\t\t\t\t\t\t<div class=\"elementor-wrapper elementor-open-inline\">\n\t\t\t<div class=\"elementor-video\"><\/div>\t\t<\/div>\n\t\t\t\t\t\t<\/div>\n\t\t\t\t<\/div>\n\t\t\t\t\t<\/div>\n\t\t<\/div>\n\t\t\t\t\t<\/div>\n\t\t<\/section>\n\t\t\t\t<section class=\"elementor-section elementor-top-section elementor-element elementor-element-43aae0d elementor-section-boxed elementor-section-height-default elementor-section-height-default parallax_section_no qode_elementor_container_no\" data-id=\"43aae0d\" data-element_type=\"section\" data-e-type=\"section\">\n\t\t\t\t\t\t<div class=\"elementor-container elementor-column-gap-default\">\n\t\t\t\t\t<div class=\"elementor-column elementor-col-100 elementor-top-column elementor-element elementor-element-8f1c57f\" data-id=\"8f1c57f\" data-element_type=\"column\" data-e-type=\"column\">\n\t\t\t<div class=\"elementor-widget-wrap elementor-element-populated\">\n\t\t\t\t\t\t<div class=\"elementor-element elementor-element-bdecaa2 elementor-widget elementor-widget-qi_addons_for_elementor_section_title\" data-id=\"bdecaa2\" data-element_type=\"widget\" data-e-type=\"widget\" data-widget_type=\"qi_addons_for_elementor_section_title.default\">\n\t\t\t\t<div class=\"elementor-widget-container\">\n\t\t\t\t\t<div class=\"qodef-shortcode qodef-m qodef-qi-section-title qodef-decoration--italic qodef-text-link--underline qodef-link--underline-draw qodef-subtitle-icon--left\">\n\t\t\t\t\t\t<h2 class=\"qodef-m-title\">\n\t\tPatientenratgeber\t<\/h2>\n\t\t\t<div class=\"qodef-m-text\"><p>Bleiben Sie mit den neuesten Informationen aus der Klinik auf dem Laufenden<\/p><\/div>\n\t<\/div>\n\t\t\t\t<\/div>\n\t\t\t\t<\/div>\n\t\t\t\t\t<\/div>\n\t\t<\/div>\n\t\t\t\t\t<\/div>\n\t\t<\/section>\n\t\t\t\t<section class=\"elementor-section elementor-top-section elementor-element elementor-element-2fcd88a elementor-section-boxed elementor-section-height-default elementor-section-height-default parallax_section_no qode_elementor_container_no\" data-id=\"2fcd88a\" data-element_type=\"section\" data-e-type=\"section\">\n\t\t\t\t\t\t<div class=\"elementor-container elementor-column-gap-default\">\n\t\t\t\t\t<div class=\"elementor-column elementor-col-100 elementor-top-column elementor-element elementor-element-7031d55\" data-id=\"7031d55\" data-element_type=\"column\" data-e-type=\"column\">\n\t\t\t<div class=\"elementor-widget-wrap elementor-element-populated\">\n\t\t\t\t\t\t<div class=\"elementor-element elementor-element-30ad8ed elementor-widget elementor-widget-bridge_latest_posts\" data-id=\"30ad8ed\" data-element_type=\"widget\" data-e-type=\"widget\" data-widget_type=\"bridge_latest_posts.default\">\n\t\t\t\t<div class=\"elementor-widget-container\">\n\t\t\t\t\t\n<div class='latest_post_holder image_in_box  ' >\n    <ul>\n    \n        <li class=\"clearfix\">\n            <div class=\"latest_post\"  >\n                <div class=\"latest_post_image clearfix\">\n                    <a itemprop=\"url\" href=\"https:\/\/vidar.rs\/de\/kataraktsymptome-sehen\/\">\n                        <img decoding=\"async\" width=\"150\" height=\"150\" src=\"https:\/\/vidar.rs\/wp-content\/uploads\/2026\/08\/vidar-simptomi-katarakte-vid-150x150.webp\" class=\"attachment-thumbnail size-thumbnail\" alt=\"Kako izgleda vid sa kataraktom\" srcset=\"https:\/\/vidar.rs\/wp-content\/uploads\/2026\/08\/vidar-simptomi-katarakte-vid-150x150.webp 150w, https:\/\/vidar.rs\/wp-content\/uploads\/2026\/08\/vidar-simptomi-katarakte-vid-570x570.webp 570w, https:\/\/vidar.rs\/wp-content\/uploads\/2026\/08\/vidar-simptomi-katarakte-vid-500x500.webp 500w, https:\/\/vidar.rs\/wp-content\/uploads\/2026\/08\/vidar-simptomi-katarakte-vid-650x650.webp 650w\" sizes=\"(max-width: 150px) 100vw, 150px\" \/>                    <\/a>\n                <\/div>\n\n\n                <div class=\"latest_post_text\">\n                    <div class=\"latest_post_inner\">\n                        <div class=\"latest_post_text_inner\">\n                            <h5 itemprop=\"name\" class=\"latest_post_title entry_title\"><a itemprop=\"url\" href=\"https:\/\/vidar.rs\/de\/kataraktsymptome-sehen\/\">Kataraktsymptome: Wie sich das Sehen bei Katarakt ver\u00e4ndert<\/a><\/h5>\n                            <p class=\"excerpt\">Die Frage, die Augen\u00e4rzte von Patienten nach dem f\u00fcnfzigsten Lebensjahr am h\u00e4ufigsten h\u00f6ren, lautet ungef\u00e4hr so: \u201eHerr Doktor, ich habe so einen Nebel vor den Augen. Ist das ein Katarakt oder ist mir nur die Dioptrienzahl gestiegen?\u201c Das ist eine v\u00f6llig verst\u00e4ndliche Frage und, ehrlich......<\/p>\n                            <span class=\"post_infos\">\n                                                                    <span class=\"date_hour_holder\">\n                                        <span itemprop=\"dateCreated\" class=\"date entry_date updated\">10 August, 2026 <meta itemprop=\"interactionCount\" content=\"UserComments: 0\"\/><\/span>\n                                    <\/span>\n                                \n                                \n                                \n                                    <span class=\"dots\"><i class=\"fa fa-square\"><\/i><\/span>\n                                    <a itemprop=\"url\" class=\"post_comments\" href=\"https:\/\/vidar.rs\/de\/kataraktsymptome-sehen\/#respond\">No comment<\/a>\n                                \n                                \n                                                            <\/span>\n                        <\/div>\n                    <\/div>\n                <\/div>\n            <\/div>\n        <\/li>\n        \n        <li class=\"clearfix\">\n            <div class=\"latest_post\"  >\n                <div class=\"latest_post_image clearfix\">\n                    <a itemprop=\"url\" href=\"https:\/\/vidar.rs\/de\/wann-kataraktoperation-warten\/\">\n                        <img decoding=\"async\" width=\"150\" height=\"150\" src=\"https:\/\/vidar.rs\/wp-content\/uploads\/2026\/08\/vidar-kada-se-operise-katarakta-1-150x150.webp\" class=\"attachment-thumbnail size-thumbnail\" alt=\"Kada se operi\u0161e katarakta\" srcset=\"https:\/\/vidar.rs\/wp-content\/uploads\/2026\/08\/vidar-kada-se-operise-katarakta-1-150x150.webp 150w, https:\/\/vidar.rs\/wp-content\/uploads\/2026\/08\/vidar-kada-se-operise-katarakta-1-570x570.webp 570w, https:\/\/vidar.rs\/wp-content\/uploads\/2026\/08\/vidar-kada-se-operise-katarakta-1-500x500.webp 500w, https:\/\/vidar.rs\/wp-content\/uploads\/2026\/08\/vidar-kada-se-operise-katarakta-1-650x650.webp 650w\" sizes=\"(max-width: 150px) 100vw, 150px\" \/>                    <\/a>\n                <\/div>\n\n\n                <div class=\"latest_post_text\">\n                    <div class=\"latest_post_inner\">\n                        <div class=\"latest_post_text_inner\">\n                            <h5 itemprop=\"name\" class=\"latest_post_title entry_title\"><a itemprop=\"url\" href=\"https:\/\/vidar.rs\/de\/wann-kataraktoperation-warten\/\">Wann sollte eine Katarakt operiert werden und wie lange darf man warten?<\/a><\/h5>\n                            <p class=\"excerpt\">Es gibt einen Satz, den Patienten in der Sprechstunde sehr oft h\u00f6ren und der ihnen danach wochenlang im Kopf bleibt: \u201eSie haben einen Katarakt, aber Sie k\u00f6nnen noch warten.&#8220; Daraus wird selten das herausgeh\u00f6rt, was eigentlich am wichtigsten ist, n\u00e4mlich wie lange. Eine Woche? Ein......<\/p>\n                            <span class=\"post_infos\">\n                                                                    <span class=\"date_hour_holder\">\n                                        <span itemprop=\"dateCreated\" class=\"date entry_date updated\">10 August, 2026 <meta itemprop=\"interactionCount\" content=\"UserComments: 0\"\/><\/span>\n                                    <\/span>\n                                \n                                \n                                \n                                    <span class=\"dots\"><i class=\"fa fa-square\"><\/i><\/span>\n                                    <a itemprop=\"url\" class=\"post_comments\" href=\"https:\/\/vidar.rs\/de\/wann-kataraktoperation-warten\/#respond\">No comment<\/a>\n                                \n                                \n                                                            <\/span>\n                        <\/div>\n                    <\/div>\n                <\/div>\n            <\/div>\n        <\/li>\n        \n        <li class=\"clearfix\">\n            <div class=\"latest_post\"  >\n                <div class=\"latest_post_image clearfix\">\n                    <a itemprop=\"url\" href=\"https:\/\/vidar.rs\/de\/linsenarten-kataraktoperation\/\">\n                        <img decoding=\"async\" width=\"150\" height=\"150\" src=\"https:\/\/vidar.rs\/wp-content\/uploads\/2026\/08\/vidar-vrste-sociva-1-150x150.webp\" class=\"attachment-thumbnail size-thumbnail\" alt=\"Vrste intraokularnih so\u010diva\" srcset=\"https:\/\/vidar.rs\/wp-content\/uploads\/2026\/08\/vidar-vrste-sociva-1-150x150.webp 150w, https:\/\/vidar.rs\/wp-content\/uploads\/2026\/08\/vidar-vrste-sociva-1-570x570.webp 570w, https:\/\/vidar.rs\/wp-content\/uploads\/2026\/08\/vidar-vrste-sociva-1-500x500.webp 500w, https:\/\/vidar.rs\/wp-content\/uploads\/2026\/08\/vidar-vrste-sociva-1-650x650.webp 650w\" sizes=\"(max-width: 150px) 100vw, 150px\" \/>                    <\/a>\n                <\/div>\n\n\n                <div class=\"latest_post_text\">\n                    <div class=\"latest_post_inner\">\n                        <div class=\"latest_post_text_inner\">\n                            <h5 itemprop=\"name\" class=\"latest_post_title entry_title\"><a itemprop=\"url\" href=\"https:\/\/vidar.rs\/de\/linsenarten-kataraktoperation\/\">Linsenarten bei einer Kataraktoperation: So treffen Sie die richtige Wahl<\/a><\/h5>\n                            <p class=\"excerpt\">Sobald ein Patient akzeptiert hat, dass eine Kataraktoperation bevorsteht, folgt fast immer dieselbe Frage. Sie lautet nicht: \u201eWird es wehtun?\u201c und auch nicht: \u201eWie lange dauert es?\u201c Sie lautet: \u201eHerr Doktor, ich habe geh\u00f6rt, dass es bessere Linsen gibt, mit denen ich keine Brille mehr......<\/p>\n                            <span class=\"post_infos\">\n                                                                    <span class=\"date_hour_holder\">\n                                        <span itemprop=\"dateCreated\" class=\"date entry_date updated\">10 August, 2026 <meta itemprop=\"interactionCount\" content=\"UserComments: 0\"\/><\/span>\n                                    <\/span>\n                                \n                                \n                                \n                                    <span class=\"dots\"><i class=\"fa fa-square\"><\/i><\/span>\n                                    <a itemprop=\"url\" class=\"post_comments\" href=\"https:\/\/vidar.rs\/de\/linsenarten-kataraktoperation\/#respond\">No comment<\/a>\n                                \n                                \n                                                            <\/span>\n                        <\/div>\n                    <\/div>\n                <\/div>\n            <\/div>\n        <\/li>\n        \n        <li class=\"clearfix\">\n            <div class=\"latest_post\"  >\n                <div class=\"latest_post_image clearfix\">\n                    <a itemprop=\"url\" href=\"https:\/\/vidar.rs\/de\/erholung-nach-kataraktoperation\/\">\n                        <img loading=\"lazy\" decoding=\"async\" width=\"150\" height=\"150\" src=\"https:\/\/vidar.rs\/wp-content\/uploads\/2026\/08\/vidar-oporavak-posle-operacije-katarakte-150x150.webp\" class=\"attachment-thumbnail size-thumbnail\" alt=\"Oporavak posle operacije katarakte\" srcset=\"https:\/\/vidar.rs\/wp-content\/uploads\/2026\/08\/vidar-oporavak-posle-operacije-katarakte-150x150.webp 150w, https:\/\/vidar.rs\/wp-content\/uploads\/2026\/08\/vidar-oporavak-posle-operacije-katarakte-570x570.webp 570w, https:\/\/vidar.rs\/wp-content\/uploads\/2026\/08\/vidar-oporavak-posle-operacije-katarakte-500x500.webp 500w, https:\/\/vidar.rs\/wp-content\/uploads\/2026\/08\/vidar-oporavak-posle-operacije-katarakte-650x650.webp 650w\" sizes=\"(max-width: 150px) 100vw, 150px\" \/>                    <\/a>\n                <\/div>\n\n\n                <div class=\"latest_post_text\">\n                    <div class=\"latest_post_inner\">\n                        <div class=\"latest_post_text_inner\">\n                            <h5 itemprop=\"name\" class=\"latest_post_title entry_title\"><a itemprop=\"url\" href=\"https:\/\/vidar.rs\/de\/erholung-nach-kataraktoperation\/\">Erholung nach einer Kataraktoperation: Was Sie erwarten k\u00f6nnen<\/a><\/h5>\n                            <p class=\"excerpt\">Die Kataraktoperation ist ein Eingriff, der kurz dauert, und der Patient geht noch am selben Tag nach Hause. Gerade deshalb dreht sich der gr\u00f6sste Teil der Erz\u00e4hlung dar\u00fcber um das, was im Operationssaal geschieht, w\u00e4hrend das, was den Patienten eigentlich am meisten interessiert, erst beginnt,......<\/p>\n                            <span class=\"post_infos\">\n                                                                    <span class=\"date_hour_holder\">\n                                        <span itemprop=\"dateCreated\" class=\"date entry_date updated\">10 August, 2026 <meta itemprop=\"interactionCount\" content=\"UserComments: 0\"\/><\/span>\n                                    <\/span>\n                                \n                                \n                                \n                                    <span class=\"dots\"><i class=\"fa fa-square\"><\/i><\/span>\n                                    <a itemprop=\"url\" class=\"post_comments\" href=\"https:\/\/vidar.rs\/de\/erholung-nach-kataraktoperation\/#respond\">No comment<\/a>\n                                \n                                \n                                                            <\/span>\n                        <\/div>\n                    <\/div>\n                <\/div>\n            <\/div>\n        <\/li>\n        \n        <li class=\"clearfix\">\n            <div class=\"latest_post\"  >\n                <div class=\"latest_post_image clearfix\">\n                    <a itemprop=\"url\" href=\"https:\/\/vidar.rs\/de\/nachstar-yag-kapsulotomie\/\">\n                        <img loading=\"lazy\" decoding=\"async\" width=\"150\" height=\"150\" src=\"https:\/\/vidar.rs\/wp-content\/uploads\/2026\/08\/vidar-sekundarna-katarakta-1-150x150.webp\" class=\"attachment-thumbnail size-thumbnail\" alt=\"Sekundarna katarakta\" srcset=\"https:\/\/vidar.rs\/wp-content\/uploads\/2026\/08\/vidar-sekundarna-katarakta-1-150x150.webp 150w, https:\/\/vidar.rs\/wp-content\/uploads\/2026\/08\/vidar-sekundarna-katarakta-1-570x570.webp 570w, https:\/\/vidar.rs\/wp-content\/uploads\/2026\/08\/vidar-sekundarna-katarakta-1-500x500.webp 500w, https:\/\/vidar.rs\/wp-content\/uploads\/2026\/08\/vidar-sekundarna-katarakta-1-650x650.webp 650w\" sizes=\"(max-width: 150px) 100vw, 150px\" \/>                    <\/a>\n                <\/div>\n\n\n                <div class=\"latest_post_text\">\n                    <div class=\"latest_post_inner\">\n                        <div class=\"latest_post_text_inner\">\n                            <h5 itemprop=\"name\" class=\"latest_post_title entry_title\"><a itemprop=\"url\" href=\"https:\/\/vidar.rs\/de\/nachstar-yag-kapsulotomie\/\">Nachstar: Warum das Sehen nach der Kataraktoperation wieder tr\u00fcb wird<\/a><\/h5>\n                            <p class=\"excerpt\">Es gibt ein Gespr\u00e4ch, das sich in der Augenpraxis fast mit denselben Worten wiederholt. Ein Patient kommt herein, setzt sich und sagt: \u201eHerr Doktor, ich wurde vor einem Jahr operiert, ich habe perfekt gesehen, ich habe ohne Fernbrille gelesen, ich bin nachts ohne Probleme gefahren.......<\/p>\n                            <span class=\"post_infos\">\n                                                                    <span class=\"date_hour_holder\">\n                                        <span itemprop=\"dateCreated\" class=\"date entry_date updated\">10 August, 2026 <meta itemprop=\"interactionCount\" content=\"UserComments: 0\"\/><\/span>\n                                    <\/span>\n                                \n                                \n                                \n                                    <span class=\"dots\"><i class=\"fa fa-square\"><\/i><\/span>\n                                    <a itemprop=\"url\" class=\"post_comments\" href=\"https:\/\/vidar.rs\/de\/nachstar-yag-kapsulotomie\/#respond\">No comment<\/a>\n                                \n                                \n                                                            <\/span>\n                        <\/div>\n                    <\/div>\n                <\/div>\n            <\/div>\n        <\/li>\n        \n    <\/ul>\n<\/div>\t\t\t\t<\/div>\n\t\t\t\t<\/div>\n\t\t\t\t\t<\/div>\n\t\t<\/div>\n\t\t\t\t\t<\/div>\n\t\t<\/section>\n\t\t\t\t<section class=\"elementor-section elementor-top-section elementor-element elementor-element-a1b617b elementor-section-full_width elementor-section-height-default elementor-section-height-default parallax_section_no qode_elementor_container_no\" data-id=\"a1b617b\" data-element_type=\"section\" data-e-type=\"section\" id=\"pregled\" data-settings=\"{&quot;background_background&quot;:&quot;classic&quot;}\">\n\t\t\t\t\t\t<div class=\"elementor-container elementor-column-gap-default\">\n\t\t\t\t\t<div class=\"elementor-column elementor-col-100 elementor-top-column elementor-element elementor-element-ed636f7\" data-id=\"ed636f7\" data-element_type=\"column\" data-e-type=\"column\" data-settings=\"{&quot;background_background&quot;:&quot;classic&quot;}\">\n\t\t\t<div class=\"elementor-widget-wrap elementor-element-populated\">\n\t\t\t\t\t\t<section class=\"elementor-section elementor-inner-section elementor-element elementor-element-1aa7b40 elementor-section-full_width qode_elementor_container_inner elementor-section-height-default elementor-section-height-default parallax_section_no\" data-id=\"1aa7b40\" data-element_type=\"section\" data-e-type=\"section\">\n\t\t\t\t\t\t<div class=\"elementor-container elementor-column-gap-default\">\n\t\t\t\t\t<div class=\"elementor-column elementor-col-50 elementor-inner-column elementor-element elementor-element-ad93f5e\" data-id=\"ad93f5e\" data-element_type=\"column\" data-e-type=\"column\" data-settings=\"{&quot;background_background&quot;:&quot;classic&quot;}\">\n\t\t\t<div class=\"elementor-widget-wrap elementor-element-populated\">\n\t\t\t\t\t\t<div class=\"elementor-element elementor-element-56ddc4e elementor-widget elementor-widget-qi_addons_for_elementor_section_title\" data-id=\"56ddc4e\" data-element_type=\"widget\" data-e-type=\"widget\" data-widget_type=\"qi_addons_for_elementor_section_title.default\">\n\t\t\t\t<div class=\"elementor-widget-container\">\n\t\t\t\t\t<div class=\"qodef-shortcode qodef-m qodef-qi-section-title qodef-decoration--italic qodef-link--underline-draw qodef-subtitle-icon--left\">\n\t\t\t\t<h5 class=\"qodef-m-subtitle\">\n\t\tHaben Sie Fragen?\t\t\t<\/h5>\n\t\t\t<h3 class=\"qodef-m-title\">\n\t\tKontaktieren Sie uns\t<\/h3>\n\t\t\t<\/div>\n\t\t\t\t<\/div>\n\t\t\t\t<\/div>\n\t\t\t\t<div class=\"elementor-element elementor-element-9b1248c elementor-widget elementor-widget-bridge_cf_7\" data-id=\"9b1248c\" data-element_type=\"widget\" data-e-type=\"widget\" data-widget_type=\"bridge_cf_7.default\">\n\t\t\t\t<div class=\"elementor-widget-container\">\n\t\t\t\t\t    <div class=\"qode-contact-form-7 qode-contact-form-7-0\">\n    \n<div class=\"wpcf7 no-js\" id=\"wpcf7-f1885-o1\" lang=\"de-DE\" dir=\"ltr\" data-wpcf7-id=\"1885\">\n<div class=\"screen-reader-response\"><p role=\"status\" aria-live=\"polite\" aria-atomic=\"true\"><\/p> <ul><\/ul><\/div>\n<form action=\"\/de\/wp-json\/wp\/v2\/pages\/1990#wpcf7-f1885-o1\" method=\"post\" class=\"wpcf7-form init cf7_custom_style_1\" aria-label=\"Kontaktformular\" novalidate=\"novalidate\" data-status=\"init\">\n<fieldset class=\"hidden-fields-container\"><input type=\"hidden\" name=\"_wpcf7\" value=\"1885\" \/><input type=\"hidden\" name=\"_wpcf7_version\" value=\"6.1.7\" \/><input type=\"hidden\" name=\"_wpcf7_locale\" value=\"de_DE\" \/><input type=\"hidden\" name=\"_wpcf7_unit_tag\" value=\"wpcf7-f1885-o1\" \/><input type=\"hidden\" name=\"_wpcf7_container_post\" value=\"0\" \/><input type=\"hidden\" name=\"_wpcf7_posted_data_hash\" value=\"\" \/><input type=\"hidden\" name=\"vidar_started_at\" value=\"1788606250\" \/><input type=\"hidden\" name=\"vidar_website\" value=\"\" \/>\n<\/fieldset>\n<label>Art der Untersuchung oder Leistung\n<span class=\"wpcf7-form-control-wrap\" data-name=\"service\"><select class=\"wpcf7-form-control wpcf7-select wpcf7-validates-as-required\" aria-required=\"true\" aria-invalid=\"false\" name=\"service\"><option value=\"\">Leistung ausw\u00e4hlen<\/option><option value=\"Umfassende augen\u00e4rztliche Untersuchung\">Umfassende augen\u00e4rztliche Untersuchung<\/option><option value=\"Fach\u00e4rztliche Beratung\">Fach\u00e4rztliche Beratung<\/option><option value=\"Kontaktlinsenuntersuchung\">Kontaktlinsenuntersuchung<\/option><option value=\"OCT und Netzhautdiagnostik\">OCT und Netzhautdiagnostik<\/option><option value=\"Biometrie des Auges\">Biometrie des Auges<\/option><option value=\"Hornhauttopografie\">Hornhauttopografie<\/option><option value=\"Computergest\u00fctzte Gesichtsfeldmessung\">Computergest\u00fctzte Gesichtsfeldmessung<\/option><option value=\"Kataraktoperation\">Kataraktoperation<\/option><option value=\"Laserkorrektur der Fehlsichtigkeit\">Laserkorrektur der Fehlsichtigkeit<\/option><option value=\"Glaukombehandlung\">Glaukombehandlung<\/option><option value=\"Sonstiges\">Sonstiges<\/option><\/select><\/span><\/label>\n\n<div class=\"two_columns_50_50 clearfix\">\n<div class=\"column1\"><div class=\"column_inner\"><label>Vor- und Nachname\n<span class=\"wpcf7-form-control-wrap\" data-name=\"your-name\"><input size=\"40\" maxlength=\"400\" class=\"wpcf7-form-control wpcf7-text wpcf7-validates-as-required\" autocomplete=\"name\" aria-required=\"true\" aria-invalid=\"false\" value=\"\" type=\"text\" name=\"your-name\" \/><\/span><\/label><\/div><\/div>\n<div class=\"column2\"><div class=\"column_inner\"><label>Telefon\n<span class=\"wpcf7-form-control-wrap\" data-name=\"your-phone\"><input size=\"40\" maxlength=\"400\" class=\"wpcf7-form-control wpcf7-tel wpcf7-validates-as-required wpcf7-text wpcf7-validates-as-tel\" autocomplete=\"tel\" aria-required=\"true\" aria-invalid=\"false\" value=\"\" type=\"tel\" name=\"your-phone\" \/><\/span><\/label><\/div><\/div>\n<\/div>\n\n<label>E-Mail\n<span class=\"wpcf7-form-control-wrap\" data-name=\"your-email\"><input size=\"40\" maxlength=\"400\" class=\"wpcf7-form-control wpcf7-email wpcf7-validates-as-required wpcf7-text wpcf7-validates-as-email\" autocomplete=\"email\" aria-required=\"true\" aria-invalid=\"false\" value=\"\" type=\"email\" name=\"your-email\" \/><\/span><\/label>\n\n<div class=\"two_columns_50_50 clearfix\">\n<div class=\"column1\"><div class=\"column_inner\"><label>Wunschtermin\n<span class=\"wpcf7-form-control-wrap\" data-name=\"preferred-date\"><input class=\"wpcf7-form-control wpcf7-date wpcf7-validates-as-date\" aria-invalid=\"false\" value=\"\" type=\"date\" name=\"preferred-date\" \/><\/span><\/label><\/div><\/div>\n<div class=\"column2\"><div class=\"column_inner\"><label>Bevorzugte Uhrzeit\n<span class=\"wpcf7-form-control-wrap\" data-name=\"preferred-time\"><select class=\"wpcf7-form-control wpcf7-select\" aria-invalid=\"false\" name=\"preferred-time\"><option value=\"Keine Pr\u00e4ferenz\">Keine Pr\u00e4ferenz<\/option><option value=\"Vormittags\">Vormittags<\/option><option value=\"Nachmittags\">Nachmittags<\/option><\/select><\/span><\/label><\/div><\/div>\n<\/div>\n\n<label>Hinweis\n<span class=\"wpcf7-form-control-wrap\" data-name=\"message\"><textarea cols=\"40\" rows=\"10\" maxlength=\"2000\" class=\"wpcf7-form-control wpcf7-textarea\" aria-invalid=\"false\" placeholder=\"Kurzer organisatorischer Hinweis, ohne medizinische Angaben\" name=\"message\"><\/textarea><\/span><\/label>\n\n<span class=\"wpcf7-form-control-wrap\" data-name=\"privacy-consent\"><span class=\"wpcf7-form-control wpcf7-acceptance\"><span class=\"wpcf7-list-item\"><label><input type=\"checkbox\" name=\"privacy-consent\" value=\"1\" aria-invalid=\"false\" \/><span class=\"wpcf7-list-item-label\">Ich bin damit einverstanden, dass die Klinik mich zur Bearbeitung meiner Terminanfrage kontaktiert, und akzeptiere die <a href=\"\/de\/datenschutzerklaerung\/\" target=\"_blank\" rel=\"noopener\">Datenschutzerkl\u00e4rung<\/a>.<\/span><\/label><\/span><\/span><\/span>\n\n<input class=\"wpcf7-form-control wpcf7-submit has-spinner\" type=\"submit\" value=\"Anfrage senden\" \/><p style=\"display: none !important;\" class=\"akismet-fields-container\" data-prefix=\"_wpcf7_ak_\"><label>&#916;<textarea name=\"_wpcf7_ak_hp_textarea\" cols=\"45\" rows=\"8\" maxlength=\"100\"><\/textarea><\/label><input type=\"hidden\" id=\"ak_js_1\" name=\"_wpcf7_ak_js\" value=\"107\"\/><script>\ndocument.getElementById( \"ak_js_1\" ).setAttribute( \"value\", ( new Date() ).getTime() );\n<\/script>\n<\/p><div class=\"wpcf7-response-output\" aria-hidden=\"true\"><\/div>\n<\/form>\n<\/div>\n    <\/div>\n\t\t\t\t<\/div>\n\t\t\t\t<\/div>\n\t\t\t\t\t<\/div>\n\t\t<\/div>\n\t\t\t\t<div class=\"elementor-column elementor-col-50 elementor-inner-column elementor-element elementor-element-c9718eb\" data-id=\"c9718eb\" data-element_type=\"column\" data-e-type=\"column\">\n\t\t\t<div class=\"elementor-widget-wrap elementor-element-populated\">\n\t\t\t\t\t\t<section class=\"elementor-section elementor-inner-section elementor-element elementor-element-d79e752 elementor-section-boxed elementor-section-height-default elementor-section-height-default parallax_section_no qode_elementor_container_no\" data-id=\"d79e752\" data-element_type=\"section\" data-e-type=\"section\">\n\t\t\t\t\t\t<div class=\"elementor-container elementor-column-gap-default\">\n\t\t\t\t\t<div class=\"elementor-column elementor-col-100 elementor-inner-column elementor-element elementor-element-ecaab96\" data-id=\"ecaab96\" data-element_type=\"column\" data-e-type=\"column\">\n\t\t\t<div class=\"elementor-widget-wrap elementor-element-populated\">\n\t\t\t\t\t\t<div class=\"elementor-element elementor-element-vidar-patient-reviews elementor-widget elementor-widget-shortcode\" data-id=\"vidar-patient-reviews\" data-element_type=\"widget\" data-e-type=\"widget\" data-widget_type=\"shortcode.default\">\n\t\t\t\t<div class=\"elementor-widget-container\">\n\t\t\t\t\t\t\t<div class=\"elementor-shortcode\"><section class=\"vidar-reviews\" aria-labelledby=\"vidar-reviews-title\">\n      <p class=\"vidar-reviews__eyebrow\">Erfahrungen unserer Patienten<\/p>\n      <h2 id=\"vidar-reviews-title\">Ihre Erfahrung in unserer Klinik<\/h2>\n      <p class=\"vidar-reviews__intro\">Wir ver\u00f6ffentlichen ausschlie\u00dflich echte Bewertungen, die zuvor vom Klinikteam gepr\u00fcft wurden.<\/p>\n            \n      <div class=\"vidar-reviews__list\">\n              <p class=\"vidar-reviews__empty\">Derzeit sind noch keine Bewertungen ver\u00f6ffentlicht. Nach der Pr\u00fcfung kann Ihre Erfahrung zu den ersten geh\u00f6ren.<\/p>\n            <\/div>\n\n      <form class=\"vidar-reviews__form\" method=\"post\" action=\"https:\/\/vidar.rs\/wp-admin\/admin-post.php\">\n        <input type=\"hidden\" name=\"action\" value=\"vidar_submit_review\">\n        <input type=\"hidden\" name=\"language\" value=\"de\">\n        <input type=\"hidden\" id=\"vidar_review_nonce\" name=\"vidar_review_nonce\" value=\"84063b9322\" \/><input type=\"hidden\" name=\"_wp_http_referer\" value=\"\/de\/wp-json\/wp\/v2\/pages\/1990\" \/>        <div class=\"vidar-reviews__honeypot\" aria-hidden=\"true\"><label>Website<input type=\"text\" name=\"website\" tabindex=\"-1\" autocomplete=\"off\"><\/label><\/div>\n        <div class=\"vidar-reviews__row\">\n          <label><span>Name oder Initialen<\/span><input type=\"text\" name=\"review_name\" maxlength=\"80\" required autocomplete=\"name\"><\/label>\n          <label><span>Bewertung<\/span><select name=\"review_rating\" required>\n            <option value=\"5\">5 \/ 5<\/option><option value=\"4\">4 \/ 5<\/option><option value=\"3\">3 \/ 5<\/option><option value=\"2\">2 \/ 5<\/option><option value=\"1\">1 \/ 5<\/option>\n          <\/select><\/label>\n        <\/div>\n        <label><span>Ihre Bewertung<\/span><textarea name=\"review_text\" rows=\"4\" maxlength=\"1400\" placeholder=\"Beschreiben Sie Organisation, Kommunikation und Ihre Erfahrung in der Klinik. Bitte nennen Sie keine Diagnosen oder andere Gesundheitsdaten.\" required><\/textarea><\/label>\n        <label class=\"vidar-reviews__consent\"><input type=\"checkbox\" name=\"review_consent\" value=\"1\" required><span>Ich stimme zu, dass VIDAR-ORASIS SWISS diesen Text und den angegebenen Namen oder die Initialen ver\u00f6ffentlicht.<\/span><\/label>\n        <div class=\"vidar-reviews__submit\"><button type=\"submit\">Bewertung senden<\/button><\/div>\n      <\/form>\n    <\/section><\/div>\n\t\t\t\t\t\t<\/div>\n\t\t\t\t<\/div>\n\t\t\t\t\t<\/div>\n\t\t<\/div>\n\t\t\t\t\t<\/div>\n\t\t<\/section>\n\t\t\t\t\t<\/div>\n\t\t<\/div>\n\t\t\t\t\t<\/div>\n\t\t<\/section>\n\t\t\t\t\t<\/div>\n\t\t<\/div>\n\t\t\t\t\t<\/div>\n\t\t<\/section>\n\t\t\t\t<\/div>\n\t\t","protected":false},"excerpt":{"rendered":"<p>Dijagnostika Oftalmolo\u0161ki pregledBiometrija okaUltrazvuk okaKornealna topografijaKompjuterizovano vidno poljeOpti\u010dka koherentna tomografija Terapijske procedure Laserske intervencijeAnti-VEGF terapija Hirurgija Hirurgija katarakteLaserska korekcija dioptrijeHirurgija ro\u017enja\u010deHirurgija glaukomaHirurgija retineHirurgija kapaka Najsavremenija oprema Stru\u010dno znanje i bogato iskustvo na\u0161eg osoblja, podr\u017eano je primenom najsavremenije opreme, \u0161to zajedno doprinosi maksimalnoj bezbednosti i efikasnosti&#8230;<\/p>\n","protected":false},"author":1,"featured_media":1228,"parent":0,"menu_order":0,"comment_status":"closed","ping_status":"closed","template":"full_width.php","meta":{"footnotes":""},"class_list":["post-1990","page","type-page","status-publish","has-post-thumbnail","hentry"],"yoast_head":"<!-- This site is optimized with the Yoast SEO plugin v28.4 - https:\/\/yoast.com\/product\/yoast-seo-wordpress\/ -->\n<title>Augenklinik in Novi Sad | VIDAR-ORASIS SWISS<\/title>\n<meta name=\"description\" content=\"Augen\u00e4rztliche Untersuchungen, pr\u00e4zise Diagnostik und moderne Augenchirurgie bei VIDAR-ORASIS SWISS in Novi Sad.\" \/>\n<meta name=\"robots\" content=\"index, follow, max-snippet:-1, max-image-preview:large, max-video-preview:-1\" \/>\n<link rel=\"canonical\" href=\"https:\/\/vidar.rs\/de\/\" \/>\n<meta property=\"og:locale\" content=\"de_DE\" \/>\n<meta property=\"og:type\" content=\"article\" \/>\n<meta property=\"og:title\" content=\"Augenklinik in Novi Sad | VIDAR-ORASIS SWISS\" \/>\n<meta property=\"og:description\" content=\"Augen\u00e4rztliche Untersuchungen, pr\u00e4zise Diagnostik und moderne Augenchirurgie bei VIDAR-ORASIS SWISS in Novi Sad.\" \/>\n<meta property=\"og:url\" content=\"https:\/\/vidar.rs\/de\/\" \/>\n<meta property=\"og:site_name\" content=\"VIDAR-ORASIS SWISS\" \/>\n<meta property=\"article:publisher\" content=\"https:\/\/www.facebook.com\/Vidar.orasis.swiss.ns\/\" \/>\n<meta property=\"article:modified_time\" content=\"2026-08-16T22:27:36+00:00\" \/>\n<meta property=\"og:image\" content=\"https:\/\/vidar.rs\/wp-content\/uploads\/2021\/11\/Favicon-1.png\" \/>\n\t<meta property=\"og:image:width\" content=\"200\" \/>\n\t<meta property=\"og:image:height\" content=\"200\" \/>\n\t<meta property=\"og:image:type\" content=\"image\/png\" \/>\n<meta name=\"twitter:card\" content=\"summary_large_image\" \/>\n<meta name=\"twitter:label1\" content=\"Gesch\u00e4tzte Lesezeit\" \/>\n\t<meta name=\"twitter:data1\" content=\"3\u00a0Minuten\" \/>\n<script type=\"application\/ld+json\" class=\"yoast-schema-graph\">{\"@context\":\"https:\\\/\\\/schema.org\",\"@graph\":[{\"@type\":\"WebPage\",\"@id\":\"https:\\\/\\\/vidar.rs\\\/de\\\/\",\"url\":\"https:\\\/\\\/vidar.rs\\\/de\\\/\",\"name\":\"Augenklinik in Novi Sad | VIDAR-ORASIS SWISS\",\"isPartOf\":{\"@id\":\"https:\\\/\\\/vidar.rs\\\/#website\"},\"primaryImageOfPage\":{\"@id\":\"https:\\\/\\\/vidar.rs\\\/de\\\/#primaryimage\"},\"image\":{\"@id\":\"https:\\\/\\\/vidar.rs\\\/de\\\/#primaryimage\"},\"thumbnailUrl\":\"https:\\\/\\\/vidar.rs\\\/wp-content\\\/uploads\\\/2021\\\/11\\\/Favicon-1.png\",\"datePublished\":\"2021-06-25T11:06:55+00:00\",\"dateModified\":\"2026-08-16T22:27:36+00:00\",\"description\":\"Augen\u00e4rztliche Untersuchungen, pr\u00e4zise Diagnostik und moderne Augenchirurgie bei VIDAR-ORASIS SWISS in Novi Sad.\",\"breadcrumb\":{\"@id\":\"https:\\\/\\\/vidar.rs\\\/de\\\/#breadcrumb\"},\"inLanguage\":\"de\",\"potentialAction\":[{\"@type\":\"ReadAction\",\"target\":[\"https:\\\/\\\/vidar.rs\\\/de\\\/\"]}]},{\"@type\":\"ImageObject\",\"inLanguage\":\"de\",\"@id\":\"https:\\\/\\\/vidar.rs\\\/de\\\/#primaryimage\",\"url\":\"https:\\\/\\\/vidar.rs\\\/wp-content\\\/uploads\\\/2021\\\/11\\\/Favicon-1.png\",\"contentUrl\":\"https:\\\/\\\/vidar.rs\\\/wp-content\\\/uploads\\\/2021\\\/11\\\/Favicon-1.png\",\"width\":200,\"height\":200},{\"@type\":\"BreadcrumbList\",\"@id\":\"https:\\\/\\\/vidar.rs\\\/de\\\/#breadcrumb\",\"itemListElement\":[{\"@type\":\"ListItem\",\"position\":1,\"name\":\"Home\",\"item\":\"https:\\\/\\\/vidar.rs\\\/de\\\/augenklinik\\\/\"},{\"@type\":\"ListItem\",\"position\":2,\"name\":\"Augenklinik VIDAR-ORASIS SWISS\"}]},{\"@type\":\"WebSite\",\"@id\":\"https:\\\/\\\/vidar.rs\\\/#website\",\"url\":\"https:\\\/\\\/vidar.rs\\\/\",\"name\":\"VIDAR-ORASIS SWISS\",\"description\":\"O\u010dna klinika u Novom Sadu\",\"publisher\":{\"@id\":\"https:\\\/\\\/vidar.rs\\\/#organization\"},\"potentialAction\":[{\"@type\":\"SearchAction\",\"target\":{\"@type\":\"EntryPoint\",\"urlTemplate\":\"https:\\\/\\\/vidar.rs\\\/de\\\/?s={search_term_string}\"},\"query-input\":{\"@type\":\"PropertyValueSpecification\",\"valueRequired\":true,\"valueName\":\"search_term_string\"}}],\"inLanguage\":\"de\"},{\"@type\":[\"Organization\",\"MedicalClinic\"],\"@id\":\"https:\\\/\\\/vidar.rs\\\/#organization\",\"name\":\"VIDAR-ORASIS SWISS\",\"url\":\"https:\\\/\\\/vidar.rs\\\/\",\"logo\":{\"@type\":\"ImageObject\",\"inLanguage\":\"de\",\"@id\":\"https:\\\/\\\/vidar.rs\\\/#\\\/schema\\\/logo\\\/image\\\/\",\"url\":\"https:\\\/\\\/vidar.rs\\\/wp-content\\\/uploads\\\/2021\\\/10\\\/LogoVid.png\",\"contentUrl\":\"https:\\\/\\\/vidar.rs\\\/wp-content\\\/uploads\\\/2021\\\/10\\\/LogoVid.png\",\"width\":408,\"height\":116,\"caption\":\"VIDAR-ORASIS SWISS\"},\"image\":{\"@id\":\"https:\\\/\\\/vidar.rs\\\/#\\\/schema\\\/logo\\\/image\\\/\"},\"sameAs\":[\"https:\\\/\\\/www.facebook.com\\\/Vidar.orasis.swiss.ns\\\/\",\"https:\\\/\\\/www.instagram.com\\\/vidarorasisswiss\\\/\"],\"telephone\":\"+381216361222\",\"email\":\"info@vidar.rs\",\"address\":{\"@type\":\"PostalAddress\",\"streetAddress\":\"Bulevar oslobodjenja 76A\",\"addressLocality\":\"Novi Sad\",\"postalCode\":\"21000\",\"addressCountry\":\"RS\"},\"openingHoursSpecification\":[{\"@type\":\"OpeningHoursSpecification\",\"dayOfWeek\":[\"Monday\",\"Tuesday\",\"Wednesday\",\"Thursday\",\"Friday\"],\"opens\":\"08:00\",\"closes\":\"20:00\"}]}]}<\/script>\n<!-- \/ Yoast SEO plugin. -->","yoast_head_json":{"title":"Augenklinik in Novi Sad | VIDAR-ORASIS SWISS","description":"Augen\u00e4rztliche Untersuchungen, pr\u00e4zise Diagnostik und moderne Augenchirurgie bei VIDAR-ORASIS SWISS in Novi Sad.","robots":{"index":"index","follow":"follow","max-snippet":"max-snippet:-1","max-image-preview":"max-image-preview:large","max-video-preview":"max-video-preview:-1"},"canonical":"https:\/\/vidar.rs\/de\/","og_locale":"de_DE","og_type":"article","og_title":"Augenklinik in Novi Sad | VIDAR-ORASIS SWISS","og_description":"Augen\u00e4rztliche Untersuchungen, pr\u00e4zise Diagnostik und moderne Augenchirurgie bei VIDAR-ORASIS SWISS in Novi Sad.","og_url":"https:\/\/vidar.rs\/de\/","og_site_name":"VIDAR-ORASIS SWISS","article_publisher":"https:\/\/www.facebook.com\/Vidar.orasis.swiss.ns\/","article_modified_time":"2026-08-16T22:27:36+00:00","og_image":[{"width":200,"height":200,"url":"https:\/\/vidar.rs\/wp-content\/uploads\/2021\/11\/Favicon-1.png","type":"image\/png"}],"twitter_card":"summary_large_image","twitter_misc":{"Gesch\u00e4tzte Lesezeit":"3\u00a0Minuten"},"schema":{"@context":"https:\/\/schema.org","@graph":[{"@type":"WebPage","@id":"https:\/\/vidar.rs\/de\/","url":"https:\/\/vidar.rs\/de\/","name":"Augenklinik in Novi Sad | VIDAR-ORASIS SWISS","isPartOf":{"@id":"https:\/\/vidar.rs\/#website"},"primaryImageOfPage":{"@id":"https:\/\/vidar.rs\/de\/#primaryimage"},"image":{"@id":"https:\/\/vidar.rs\/de\/#primaryimage"},"thumbnailUrl":"https:\/\/vidar.rs\/wp-content\/uploads\/2021\/11\/Favicon-1.png","datePublished":"2021-06-25T11:06:55+00:00","dateModified":"2026-08-16T22:27:36+00:00","description":"Augen\u00e4rztliche Untersuchungen, pr\u00e4zise Diagnostik und moderne Augenchirurgie bei VIDAR-ORASIS SWISS in Novi Sad.","breadcrumb":{"@id":"https:\/\/vidar.rs\/de\/#breadcrumb"},"inLanguage":"de","potentialAction":[{"@type":"ReadAction","target":["https:\/\/vidar.rs\/de\/"]}]},{"@type":"ImageObject","inLanguage":"de","@id":"https:\/\/vidar.rs\/de\/#primaryimage","url":"https:\/\/vidar.rs\/wp-content\/uploads\/2021\/11\/Favicon-1.png","contentUrl":"https:\/\/vidar.rs\/wp-content\/uploads\/2021\/11\/Favicon-1.png","width":200,"height":200},{"@type":"BreadcrumbList","@id":"https:\/\/vidar.rs\/de\/#breadcrumb","itemListElement":[{"@type":"ListItem","position":1,"name":"Home","item":"https:\/\/vidar.rs\/de\/augenklinik\/"},{"@type":"ListItem","position":2,"name":"Augenklinik VIDAR-ORASIS SWISS"}]},{"@type":"WebSite","@id":"https:\/\/vidar.rs\/#website","url":"https:\/\/vidar.rs\/","name":"VIDAR-ORASIS SWISS","description":"O\u010dna klinika u Novom Sadu","publisher":{"@id":"https:\/\/vidar.rs\/#organization"},"potentialAction":[{"@type":"SearchAction","target":{"@type":"EntryPoint","urlTemplate":"https:\/\/vidar.rs\/de\/?s={search_term_string}"},"query-input":{"@type":"PropertyValueSpecification","valueRequired":true,"valueName":"search_term_string"}}],"inLanguage":"de"},{"@type":["Organization","MedicalClinic"],"@id":"https:\/\/vidar.rs\/#organization","name":"VIDAR-ORASIS SWISS","url":"https:\/\/vidar.rs\/","logo":{"@type":"ImageObject","inLanguage":"de","@id":"https:\/\/vidar.rs\/#\/schema\/logo\/image\/","url":"https:\/\/vidar.rs\/wp-content\/uploads\/2021\/10\/LogoVid.png","contentUrl":"https:\/\/vidar.rs\/wp-content\/uploads\/2021\/10\/LogoVid.png","width":408,"height":116,"caption":"VIDAR-ORASIS SWISS"},"image":{"@id":"https:\/\/vidar.rs\/#\/schema\/logo\/image\/"},"sameAs":["https:\/\/www.facebook.com\/Vidar.orasis.swiss.ns\/","https:\/\/www.instagram.com\/vidarorasisswiss\/"],"telephone":"+381216361222","email":"info@vidar.rs","address":{"@type":"PostalAddress","streetAddress":"Bulevar oslobodjenja 76A","addressLocality":"Novi Sad","postalCode":"21000","addressCountry":"RS"},"openingHoursSpecification":[{"@type":"OpeningHoursSpecification","dayOfWeek":["Monday","Tuesday","Wednesday","Thursday","Friday"],"opens":"08:00","closes":"20:00"}]}]}},"_links":{"self":[{"href":"https:\/\/vidar.rs\/de\/wp-json\/wp\/v2\/pages\/1990","targetHints":{"allow":["GET"]}}],"collection":[{"href":"https:\/\/vidar.rs\/de\/wp-json\/wp\/v2\/pages"}],"about":[{"href":"https:\/\/vidar.rs\/de\/wp-json\/wp\/v2\/types\/page"}],"author":[{"embeddable":true,"href":"https:\/\/vidar.rs\/de\/wp-json\/wp\/v2\/users\/1"}],"replies":[{"embeddable":true,"href":"https:\/\/vidar.rs\/de\/wp-json\/wp\/v2\/comments?post=1990"}],"version-history":[{"count":10,"href":"https:\/\/vidar.rs\/de\/wp-json\/wp\/v2\/pages\/1990\/revisions"}],"predecessor-version":[{"id":2931,"href":"https:\/\/vidar.rs\/de\/wp-json\/wp\/v2\/pages\/1990\/revisions\/2931"}],"wp:featuredmedia":[{"embeddable":true,"href":"https:\/\/vidar.rs\/de\/wp-json\/wp\/v2\/media\/1228"}],"wp:attachment":[{"href":"https:\/\/vidar.rs\/de\/wp-json\/wp\/v2\/media?parent=1990"}],"curies":[{"name":"wp","href":"https:\/\/api.w.org\/{rel}","templated":true}]}}